{"id":20665,"date":"2025-04-29T09:08:36","date_gmt":"2025-04-29T08:08:36","guid":{"rendered":"https:\/\/www.gordonweddingfilms.com\/?page_id=20665"},"modified":"2026-04-22T15:11:30","modified_gmt":"2026-04-22T14:11:30","slug":"a-propos-de-nous","status":"publish","type":"page","link":"https:\/\/www.gordonweddingfilms.com\/fr\/a-propos-de-nous\/","title":{"rendered":"Films de mariage en Provence"},"content":{"rendered":"<div class=\"wpb-content-wrapper\"><p>[vc_row unlock_row_content=\u00a0\u00bbyes\u00a0\u00bb row_height_percent=\u00a0\u00bb0&Prime; back_image=\u00a0\u00bb18733&Prime; overlay_alpha=\u00a0\u00bb50&Prime; gutter_size=\u00a0\u00bb3&Prime; column_width_percent=\u00a0\u00bb100&Prime; shift_y=\u00a0\u00bb0&Prime; z_index=\u00a0\u00bb0&Prime; content_parallax=\u00a0\u00bb0&Prime; uncode_shortcode_id=\u00a0\u00bb125731&Prime;][vc_column column_width_percent=\u00a0\u00bb100&Prime; position_vertical=\u00a0\u00bbmiddle\u00a0\u00bb align_horizontal=\u00a0\u00bbalign_center\u00a0\u00bb gutter_size=\u00a0\u00bb3&Prime; style=\u00a0\u00bbdark\u00a0\u00bb overlay_alpha=\u00a0\u00bb50&Prime; shift_x=\u00a0\u00bb0&Prime; shift_y=\u00a0\u00bb0&Prime; shift_y_down=\u00a0\u00bb0&Prime; z_index=\u00a0\u00bb0&Prime; medium_width=\u00a0\u00bb0&Prime; mobile_width=\u00a0\u00bb0&Prime; uncode_shortcode_id=\u00a0\u00bb113872&Prime;][vc_empty_space empty_h=\u00a0\u00bb4&Prime;][vc_custom_heading heading_semantic=\u00a0\u00bbp\u00a0\u00bb text_size=\u00a0\u00bbh1&Prime; uncode_shortcode_id=\u00a0\u00bb159908&Prime;]\u00e0 propos de GordonWeddingFilms[\/vc_custom_heading][vc_custom_heading heading_semantic=\u00a0\u00bbh1&Prime; text_size=\u00a0\u00bbh5&Prime; uncode_shortcode_id=\u00a0\u00bb984302&Prime;]Films de mariage en Provence[\/vc_custom_heading][vc_row_inner][vc_column_inner width=\u00a0\u00bb1\/4&Prime;][\/vc_column_inner][vc_column_inner column_width_percent=\u00a0\u00bb100&Prime; position_vertical=\u00a0\u00bbmiddle\u00a0\u00bb align_horizontal=\u00a0\u00bbalign_center\u00a0\u00bb gutter_size=\u00a0\u00bb3&Prime; style=\u00a0\u00bbdark\u00a0\u00bb overlay_alpha=\u00a0\u00bb50&Prime; shift_x=\u00a0\u00bb0&Prime; shift_y=\u00a0\u00bb0&Prime; shift_y_down=\u00a0\u00bb0&Prime; z_index=\u00a0\u00bb0&Prime; medium_width=\u00a0\u00bb0&Prime; mobile_width=\u00a0\u00bb0&Prime; width=\u00a0\u00bb1\/2&Prime; uncode_shortcode_id=\u00a0\u00bb137398&Prime;][vc_column_text uncode_shortcode_id=\u00a0\u00bb199619&Prime;]GordonWeddingFilms est dirig\u00e9 par Meryll de Gordon et s\u2019organise entre la Provence et la Tha\u00eflande. Cette organisation nous permet d\u2019accompagner des couples en France, sur la <a href=\"https:\/\/www.gordonweddingfilms.com\/fr\/videaste-mariage-paca\/\">C\u00f4te d\u2019Azur<\/a> et en Asie tout en conservant une direction artistique claire, un storytelling coh\u00e9rent et une signature de montage reconnaissable sur chaque film.[\/vc_column_text][\/vc_column_inner][vc_column_inner width=\u00a0\u00bb1\/4&Prime;][\/vc_column_inner][\/vc_row_inner][vc_empty_space empty_h=\u00a0\u00bb5&Prime;][\/vc_column][\/vc_row][vc_row row_height_percent=\u00a0\u00bb0&Prime; override_padding=\u00a0\u00bbyes\u00a0\u00bb h_padding=\u00a0\u00bb2&Prime; top_padding=\u00a0\u00bb4&Prime; bottom_padding=\u00a0\u00bb4&Prime; back_color=\u00a0\u00bbcolor-jevc\u00a0\u00bb overlay_alpha=\u00a0\u00bb50&Prime; equal_height=\u00a0\u00bbyes\u00a0\u00bb gutter_size=\u00a0\u00bb5&Prime; column_width_percent=\u00a0\u00bb100&Prime; shift_y=\u00a0\u00bb0&Prime; z_index=\u00a0\u00bb0&Prime; content_parallax=\u00a0\u00bb0&Prime; uncode_shortcode_id=\u00a0\u00bb151157&Prime; back_color_type=\u00a0\u00bbuncode-palette\u00a0\u00bb][vc_column column_width_percent=\u00a0\u00bb100&Prime; position_vertical=\u00a0\u00bbmiddle\u00a0\u00bb gutter_size=\u00a0\u00bb3&Prime; override_padding=\u00a0\u00bbyes\u00a0\u00bb column_padding=\u00a0\u00bb0&Prime; style=\u00a0\u00bbdark\u00a0\u00bb overlay_alpha=\u00a0\u00bb50&Prime; shift_x=\u00a0\u00bb0&Prime; shift_y=\u00a0\u00bb0&Prime; shift_y_down=\u00a0\u00bb0&Prime; z_index=\u00a0\u00bb0&Prime; medium_width=\u00a0\u00bb0&Prime; mobile_width=\u00a0\u00bb0&Prime; width=\u00a0\u00bb1\/1&Prime; uncode_shortcode_id=\u00a0\u00bb178417&Prime;][vc_row_inner row_inner_height_percent=\u00a0\u00bb0&Prime; overlay_alpha=\u00a0\u00bb50&Prime; equal_height=\u00a0\u00bbyes\u00a0\u00bb gutter_size=\u00a0\u00bb4&Prime; shift_y=\u00a0\u00bb0&Prime; z_index=\u00a0\u00bb0&Prime; uncode_shortcode_id=\u00a0\u00bb430311&Prime;][vc_column_inner column_width_percent=\u00a0\u00bb100&Prime; position_vertical=\u00a0\u00bbmiddle\u00a0\u00bb gutter_size=\u00a0\u00bb3&Prime; overlay_alpha=\u00a0\u00bb50&Prime; shift_x=\u00a0\u00bb0&Prime; shift_y=\u00a0\u00bb0&Prime; shift_y_down=\u00a0\u00bb0&Prime; z_index=\u00a0\u00bb0&Prime; medium_width=\u00a0\u00bb0&Prime; mobile_width=\u00a0\u00bb0&Prime; width=\u00a0\u00bb1\/3&Prime; uncode_shortcode_id=\u00a0\u00bb213164&Prime;][vc_single_image media=\u00a0\u00bb20560&Prime; media_width_percent=\u00a0\u00bb100&Prime; uncode_shortcode_id=\u00a0\u00bb137048&Prime;][\/vc_column_inner][vc_column_inner column_width_percent=\u00a0\u00bb100&Prime; gutter_size=\u00a0\u00bb3&Prime; style=\u00a0\u00bbdark\u00a0\u00bb overlay_alpha=\u00a0\u00bb50&Prime; shift_x=\u00a0\u00bb0&Prime; shift_y=\u00a0\u00bb0&Prime; shift_y_down=\u00a0\u00bb0&Prime; z_index=\u00a0\u00bb0&Prime; medium_width=\u00a0\u00bb0&Prime; mobile_width=\u00a0\u00bb0&Prime; width=\u00a0\u00bb2\/3&Prime; uncode_shortcode_id=\u00a0\u00bb841420&Prime;][vc_custom_heading heading_semantic=\u00a0\u00bbp\u00a0\u00bb uncode_shortcode_id=\u00a0\u00bb125053&Prime; subheading=\u00a0\u00bbFONDATEUR, VID\u00c9ASTE, MONTEUR<br \/>\nVid\u00e9aste de mariage en Provence\u00a0\u00bb text_color_type=\u00a0\u00bbuncode-palette\u00a0\u00bb text_color_solid=\u00a0\u00bb#ff0000&Prime;]Meryll[\/vc_custom_heading][vc_column_text uncode_shortcode_id=\u00a0\u00bb939323&Prime;]<\/p>\n<p style=\"padding-left: 40px;\">Je suis Meryll. J\u2019ai fond\u00e9 GordonWeddingFilms en 2014 et je suis vid\u00e9aste de mariage sp\u00e9cialis\u00e9 dans le storytelling, bas\u00e9 en <a href=\"https:\/\/www.gordonweddingfilms.com\/fr\/\">Provence<\/a>, et actif sur toute la C\u00f4te d\u2019Azur. Je travaille en fran\u00e7ais et en anglais, et j\u2019ai film\u00e9 plus de 180 mariages pour des couples fran\u00e7ais et internationaux venus de France, des <a href=\"https:\/\/www.gordonweddingfilms.com\/fr\/videaste-mariage-new-york\/\">\u00c9tats-Unis<\/a>, du <a href=\"https:\/\/www.gordonweddingfilms.com\/fr\/videaste-mariage-londres\/\">Royaume-Uni<\/a>, d\u2019Europe et <a href=\"https:\/\/www.gordonweddingfilms.com\/fr\/videaste-mariage-thailande-vietnam\/\">d\u2019Asie<\/a>.<\/p>\n<p style=\"padding-left: 40px;\">Mon parcours de musicien, auteur et compositeur influence profond\u00e9ment ma mani\u00e8re de construire un film, \u00e0 travers le rythme, la voix, l\u2019\u00e9motion et le sens du r\u00e9cit. Mon travail s\u2019est d\u00e9velopp\u00e9 dans des lieux qui me sont chers comme le <a href=\"https:\/\/www.gordonweddingfilms.com\/fr\/videaste-mariage-grand-hotel-cap-ferrat-four-seasons\/\">Grand-H\u00f4tel du Cap-Ferrat, Four Seasons<\/a>, le <a href=\"https:\/\/www.gordonweddingfilms.com\/fr\/videaste-mariage-chateau-de-castellaras\/\">Ch\u00e2teau de Castellaras<\/a>, la <a href=\"https:\/\/www.gordonweddingfilms.com\/fr\/videaste-mariage-villa-brignac\/\">Villa Brignac<\/a>, <a href=\"https:\/\/www.gordonweddingfilms.com\/fr\/videaste-mariage-pernes-les-fontaines-vaucluse\/\">Pernes-les-Fontaines<\/a> ou encore la <a href=\"https:\/\/www.gordonweddingfilms.com\/fr\/inspiration-mariage-provence\/\">Provence autour de Gordes<\/a>. Mon travail a \u00e9t\u00e9 r\u00e9compens\u00e9 par plusieurs associations et festivals internationaux, dont Inspiration Photographers, AsiaWPA et WEVA. En parall\u00e8le, je forme aussi des vid\u00e9astes et des photographes \u00e0 raconter des histoires plus fortes dans leurs films de mariage, \u00e0 mieux anticiper leur tournage, \u00e0 mieux monter, communiquer et structurer leur activit\u00e9. Tous les films de mariage en Provence ou ailleurs\u00a0sont mont\u00e9s par moi afin de pr\u00e9server une m\u00eame exigence et une m\u00eame signature. Mon travail a notamment \u00e9t\u00e9 publi\u00e9 sur <a href=\"https:\/\/wezoree.com\/interviews\/videographers\/crafting-meaning-through-motion-inside-meryll-de-gordon-s-vision-of-wedding-cinema\/\" target=\"_blank\" rel=\"noopener\">Wezoree<\/a>, <a href=\"https:\/\/www.frenchweddingstyle.com\/wedding-video\/gordon-wedding-films\/\" target=\"_blank\" rel=\"noopener\">French Wedding Style<\/a>, <a href=\"https:\/\/filmmakerglobal.com\/meryll-de-gordon\/\" target=\"_blank\" rel=\"noopener\">Filmmaker Global<\/a>, <a href=\"https:\/\/bridalmusings.com\/101563\/destination-wedding-film-in-a-french-castle\/\" target=\"_blank\" rel=\"noopener\">Bridal Musings<\/a>, <a href=\"https:\/\/caratsandcake.com\/vendor\/gordon-wedding-films\" target=\"_blank\" rel=\"noopener\">Carats &amp; Cake<\/a>, <a href=\"https:\/\/www.ruffledblog.com\/natai-beach-wedding-spice-tones\/\" target=\"_blank\" rel=\"noopener\">Ruffled<\/a>, <a href=\"https:\/\/www.leblogdemadamec.fr\/blog-mariage-lifestyle\/videaste-mariage\/\" target=\"_blank\" rel=\"noopener\">Madame C<\/a> et <a href=\"https:\/\/www.weddingchicks.com\/new-wedding-ideas\/a-magical-and-romantic-elopement-in-the-lavender-fields-of-drome-provencale\/\" target=\"_blank\" rel=\"noopener\">Wedding Chicks<\/a>.<\/p>\n<p>[\/vc_column_text][\/vc_column_inner][\/vc_row_inner][\/vc_column][\/vc_row][vc_row row_height_percent=\u00a0\u00bb0&Prime; override_padding=\u00a0\u00bbyes\u00a0\u00bb h_padding=\u00a0\u00bb2&Prime; top_padding=\u00a0\u00bb4&Prime; bottom_padding=\u00a0\u00bb3&Prime; overlay_alpha=\u00a0\u00bb50&Prime; equal_height=\u00a0\u00bbyes\u00a0\u00bb gutter_size=\u00a0\u00bb3&Prime; column_width_percent=\u00a0\u00bb100&Prime; shift_y=\u00a0\u00bb0&Prime; z_index=\u00a0\u00bb0&Prime; content_parallax=\u00a0\u00bb0&Prime; uncode_shortcode_id=\u00a0\u00bb211929&Prime;][vc_column column_width_percent=\u00a0\u00bb100&Prime; position_vertical=\u00a0\u00bbmiddle\u00a0\u00bb align_horizontal=\u00a0\u00bbalign_center\u00a0\u00bb gutter_size=\u00a0\u00bb3&Prime; overlay_alpha=\u00a0\u00bb50&Prime; shift_x=\u00a0\u00bb0&Prime; shift_y=\u00a0\u00bb0&Prime; shift_y_down=\u00a0\u00bb0&Prime; z_index=\u00a0\u00bb0&Prime; medium_width=\u00a0\u00bb0&Prime; mobile_width=\u00a0\u00bb0&Prime; width=\u00a0\u00bb1\/1&Prime; uncode_shortcode_id=\u00a0\u00bb412341&Prime;][vc_custom_heading uncode_shortcode_id=\u00a0\u00bb163138&Prime; subheading=\u00a0\u00bbTous les films sont mont\u00e9s par Meryll pour assurer une signature coh\u00e9rente<br \/>\nD\u00e9couvrez notre \u00e9quipe\u00a0\u00bb text_color_type=\u00a0\u00bbuncode-palette\u00a0\u00bb text_color_solid=\u00a0\u00bb#ff0000&Prime;]Nous sommes bas\u00e9s en France[\/vc_custom_heading][\/vc_column][\/vc_row][vc_row unlock_row_content=\u00a0\u00bbyes\u00a0\u00bb row_height_percent=\u00a0\u00bb0&Prime; override_padding=\u00a0\u00bbyes\u00a0\u00bb h_padding=\u00a0\u00bb5&Prime; top_padding=\u00a0\u00bb3&Prime; bottom_padding=\u00a0\u00bb4&Prime; overlay_alpha=\u00a0\u00bb50&Prime; equal_height=\u00a0\u00bbyes\u00a0\u00bb gutter_size=\u00a0\u00bb4&Prime; column_width_percent=\u00a0\u00bb100&Prime; shift_y=\u00a0\u00bb0&Prime; z_index=\u00a0\u00bb0&Prime; content_parallax=\u00a0\u00bb0&Prime; uncode_shortcode_id=\u00a0\u00bb842571&Prime;][vc_column column_width_percent=\u00a0\u00bb100&Prime; position_vertical=\u00a0\u00bbmiddle\u00a0\u00bb gutter_size=\u00a0\u00bb3&Prime; override_padding=\u00a0\u00bbyes\u00a0\u00bb column_padding=\u00a0\u00bb0&Prime; overlay_alpha=\u00a0\u00bb50&Prime; shift_x=\u00a0\u00bb0&Prime; shift_y=\u00a0\u00bb0&Prime; shift_y_down=\u00a0\u00bb0&Prime; z_index=\u00a0\u00bb0&Prime; medium_width=\u00a0\u00bb0&Prime; mobile_width=\u00a0\u00bb0&Prime; width=\u00a0\u00bb1\/1&Prime; uncode_shortcode_id=\u00a0\u00bb621317&Prime;][vc_row_inner row_inner_height_percent=\u00a0\u00bb0&Prime; force_width_grid=\u00a0\u00bbyes\u00a0\u00bb overlay_alpha=\u00a0\u00bb50&Prime; gutter_size=\u00a0\u00bb4&Prime; shift_y=\u00a0\u00bb0&Prime; z_index=\u00a0\u00bb0&Prime; uncode_shortcode_id=\u00a0\u00bb656951&Prime;][vc_column_inner column_width_percent=\u00a0\u00bb100&Prime; gutter_size=\u00a0\u00bb3&Prime; overlay_alpha=\u00a0\u00bb50&Prime; shift_x=\u00a0\u00bb0&Prime; shift_y=\u00a0\u00bb0&Prime; shift_y_down=\u00a0\u00bb0&Prime; z_index=\u00a0\u00bb0&Prime; medium_width=\u00a0\u00bb0&Prime; mobile_width=\u00a0\u00bb0&Prime; width=\u00a0\u00bb1\/4&Prime; uncode_shortcode_id=\u00a0\u00bb642806&Prime;][vc_single_image media=\u00a0\u00bb20558&Prime; media_width_percent=\u00a0\u00bb100&Prime; uncode_shortcode_id=\u00a0\u00bb127113&Prime;][\/vc_column_inner][vc_column_inner column_width_percent=\u00a0\u00bb100&Prime; gutter_size=\u00a0\u00bb3&Prime; overlay_alpha=\u00a0\u00bb50&Prime; shift_x=\u00a0\u00bb0&Prime; shift_y=\u00a0\u00bb0&Prime; shift_y_down=\u00a0\u00bb0&Prime; z_index=\u00a0\u00bb0&Prime; medium_width=\u00a0\u00bb0&Prime; mobile_width=\u00a0\u00bb0&Prime; width=\u00a0\u00bb1\/4&Prime; uncode_shortcode_id=\u00a0\u00bb647010&Prime;][vc_custom_heading heading_semantic=\u00a0\u00bbp\u00a0\u00bb text_size=\u00a0\u00bbh3&Prime; sub_reduced=\u00a0\u00bbyes\u00a0\u00bb uncode_shortcode_id=\u00a0\u00bb269530&Prime; subheading=\u00a0\u00bb2nd SHOOTER, 1st SHOOTER<br \/>\nProvence\u00a0\u00bb]Joris[\/vc_custom_heading][vc_column_text uncode_shortcode_id=\u00a0\u00bb352161&Prime;]Joris est vid\u00e9aste de mariage bas\u00e9 dans le sud de la France. Il capture avec discr\u00e9tion des images naturelles et spontan\u00e9es, avec une vraie sensibilit\u00e9 pour les \u00e9motions, l\u2019atmosph\u00e8re et les d\u00e9tails qui donnent de la profondeur \u00e0 un film. Son regard nourrit des films sinc\u00e8res, \u00e9l\u00e9gants et profond\u00e9ment ancr\u00e9s dans l\u2019instant.[\/vc_column_text][\/vc_column_inner][vc_column_inner column_width_percent=\u00a0\u00bb100&Prime; gutter_size=\u00a0\u00bb3&Prime; overlay_alpha=\u00a0\u00bb50&Prime; shift_x=\u00a0\u00bb0&Prime; shift_y=\u00a0\u00bb0&Prime; shift_y_down=\u00a0\u00bb0&Prime; z_index=\u00a0\u00bb0&Prime; medium_width=\u00a0\u00bb0&Prime; mobile_width=\u00a0\u00bb0&Prime; width=\u00a0\u00bb1\/4&Prime; uncode_shortcode_id=\u00a0\u00bb100957&Prime;][vc_single_image media=\u00a0\u00bb20559&Prime; media_width_percent=\u00a0\u00bb100&Prime; uncode_shortcode_id=\u00a0\u00bb188209&Prime;][\/vc_column_inner][vc_column_inner column_width_percent=\u00a0\u00bb100&Prime; gutter_size=\u00a0\u00bb3&Prime; overlay_alpha=\u00a0\u00bb50&Prime; shift_x=\u00a0\u00bb0&Prime; shift_y=\u00a0\u00bb0&Prime; shift_y_down=\u00a0\u00bb0&Prime; z_index=\u00a0\u00bb0&Prime; medium_width=\u00a0\u00bb0&Prime; mobile_width=\u00a0\u00bb0&Prime; width=\u00a0\u00bb1\/4&Prime; uncode_shortcode_id=\u00a0\u00bb941260&Prime;][vc_custom_heading heading_semantic=\u00a0\u00bbp\u00a0\u00bb text_size=\u00a0\u00bbh3&Prime; uncode_shortcode_id=\u00a0\u00bb808097&Prime; subheading=\u00a0\u00bb2nd SHOOTER, 1st SHOOTER<br \/>\nC\u00f4te d&rsquo;Azur\u00a0\u00bb text_color_type=\u00a0\u00bbuncode-palette\u00a0\u00bb text_color_solid=\u00a0\u00bb#ff0000&Prime;]Jonathan[\/vc_custom_heading][vc_column_text uncode_shortcode_id=\u00a0\u00bb410676&Prime;]Jonathan est vid\u00e9aste bas\u00e9 \u00e0 Toulon. Depuis 2018, il documente les mariages \u00e0 travers des images sinc\u00e8res, cin\u00e9matographiques et pleines d\u2019\u00e9motion. Son calme, sa capacit\u00e9 d\u2019adaptation et son sens du d\u00e9tail en font un collaborateur pr\u00e9cieux pour les mariages \u00e9l\u00e9gants en Provence et sur la C\u00f4te d\u2019Azur. Jonathan est \u00e9galement pilote de drone professionnel.[\/vc_column_text][\/vc_column_inner][\/vc_row_inner][\/vc_column][\/vc_row][vc_row row_height_percent=\u00a0\u00bb0&Prime; override_padding=\u00a0\u00bbyes\u00a0\u00bb h_padding=\u00a0\u00bb2&Prime; top_padding=\u00a0\u00bb4&Prime; bottom_padding=\u00a0\u00bb3&Prime; back_color=\u00a0\u00bbcolor-599905&Prime; overlay_alpha=\u00a0\u00bb50&Prime; equal_height=\u00a0\u00bbyes\u00a0\u00bb gutter_size=\u00a0\u00bb3&Prime; column_width_percent=\u00a0\u00bb100&Prime; shift_y=\u00a0\u00bb0&Prime; z_index=\u00a0\u00bb0&Prime; content_parallax=\u00a0\u00bb0&Prime; uncode_shortcode_id=\u00a0\u00bb184851&Prime; back_color_type=\u00a0\u00bbuncode-palette\u00a0\u00bb][vc_column column_width_percent=\u00a0\u00bb100&Prime; position_vertical=\u00a0\u00bbmiddle\u00a0\u00bb align_horizontal=\u00a0\u00bbalign_center\u00a0\u00bb gutter_size=\u00a0\u00bb3&Prime; overlay_alpha=\u00a0\u00bb50&Prime; shift_x=\u00a0\u00bb0&Prime; shift_y=\u00a0\u00bb0&Prime; shift_y_down=\u00a0\u00bb0&Prime; z_index=\u00a0\u00bb0&Prime; medium_width=\u00a0\u00bb0&Prime; mobile_width=\u00a0\u00bb0&Prime; width=\u00a0\u00bb1\/1&Prime; uncode_shortcode_id=\u00a0\u00bb412341&Prime;][vc_custom_heading heading_semantic=\u00a0\u00bbh3&Prime; uncode_shortcode_id=\u00a0\u00bb167483&Prime; subheading=\u00a0\u00bbLes films sont tous mont\u00e9s par Meryll, assurant une signature coh\u00e9rente.<br \/>\nD\u00e9couvrez notre \u00e9quipe\u00a0\u00bb text_color_type=\u00a0\u00bbuncode-palette\u00a0\u00bb text_color_solid=\u00a0\u00bb#ff0000&Prime;]et en Tha\u00eflande[\/vc_custom_heading][\/vc_column][\/vc_row][vc_row unlock_row_content=\u00a0\u00bbyes\u00a0\u00bb row_height_percent=\u00a0\u00bb0&Prime; override_padding=\u00a0\u00bbyes\u00a0\u00bb h_padding=\u00a0\u00bb5&Prime; top_padding=\u00a0\u00bb3&Prime; bottom_padding=\u00a0\u00bb4&Prime; back_color=\u00a0\u00bbcolor-599905&Prime; overlay_alpha=\u00a0\u00bb50&Prime; equal_height=\u00a0\u00bbyes\u00a0\u00bb gutter_size=\u00a0\u00bb4&Prime; column_width_percent=\u00a0\u00bb100&Prime; shift_y=\u00a0\u00bb0&Prime; z_index=\u00a0\u00bb0&Prime; content_parallax=\u00a0\u00bb0&Prime; uncode_shortcode_id=\u00a0\u00bb757884&Prime; back_color_type=\u00a0\u00bbuncode-palette\u00a0\u00bb][vc_column column_width_percent=\u00a0\u00bb100&Prime; position_vertical=\u00a0\u00bbmiddle\u00a0\u00bb gutter_size=\u00a0\u00bb3&Prime; override_padding=\u00a0\u00bbyes\u00a0\u00bb column_padding=\u00a0\u00bb0&Prime; overlay_alpha=\u00a0\u00bb50&Prime; shift_x=\u00a0\u00bb0&Prime; shift_y=\u00a0\u00bb0&Prime; shift_y_down=\u00a0\u00bb0&Prime; z_index=\u00a0\u00bb0&Prime; medium_width=\u00a0\u00bb0&Prime; mobile_width=\u00a0\u00bb0&Prime; width=\u00a0\u00bb1\/1&Prime; uncode_shortcode_id=\u00a0\u00bb621317&Prime;][vc_row_inner row_inner_height_percent=\u00a0\u00bb0&Prime; force_width_grid=\u00a0\u00bbyes\u00a0\u00bb overlay_alpha=\u00a0\u00bb50&Prime; gutter_size=\u00a0\u00bb4&Prime; shift_y=\u00a0\u00bb0&Prime; z_index=\u00a0\u00bb0&Prime; uncode_shortcode_id=\u00a0\u00bb656951&Prime;][vc_column_inner column_width_percent=\u00a0\u00bb100&Prime; gutter_size=\u00a0\u00bb3&Prime; overlay_alpha=\u00a0\u00bb50&Prime; shift_x=\u00a0\u00bb0&Prime; shift_y=\u00a0\u00bb0&Prime; shift_y_down=\u00a0\u00bb0&Prime; z_index=\u00a0\u00bb0&Prime; medium_width=\u00a0\u00bb0&Prime; mobile_width=\u00a0\u00bb0&Prime; width=\u00a0\u00bb1\/4&Prime; uncode_shortcode_id=\u00a0\u00bb642806&Prime;][vc_single_image media=\u00a0\u00bb20561&Prime; media_width_percent=\u00a0\u00bb100&Prime; uncode_shortcode_id=\u00a0\u00bb210904&Prime;][\/vc_column_inner][vc_column_inner column_width_percent=\u00a0\u00bb100&Prime; gutter_size=\u00a0\u00bb3&Prime; overlay_alpha=\u00a0\u00bb50&Prime; shift_x=\u00a0\u00bb0&Prime; shift_y=\u00a0\u00bb0&Prime; shift_y_down=\u00a0\u00bb0&Prime; z_index=\u00a0\u00bb0&Prime; medium_width=\u00a0\u00bb0&Prime; mobile_width=\u00a0\u00bb0&Prime; width=\u00a0\u00bb1\/4&Prime; uncode_shortcode_id=\u00a0\u00bb647010&Prime;][vc_custom_heading heading_semantic=\u00a0\u00bbp\u00a0\u00bb text_size=\u00a0\u00bbh3&Prime; uncode_shortcode_id=\u00a0\u00bb860643&Prime; subheading=\u00a0\u00bb1st SHOOTER, 2nd SHOOTER<br \/>\nPattaya, Tha\u00eflande\u00a0\u00bb text_color_type=\u00a0\u00bbuncode-palette\u00a0\u00bb text_color_solid=\u00a0\u00bb#ff0000&Prime;]Matteo[\/vc_custom_heading][vc_column_text uncode_shortcode_id=\u00a0\u00bb179815&Prime;]Matteo est vid\u00e9aste de mariage depuis 2015. Form\u00e9 par Meryll, il a d\u00e9velopp\u00e9 une compr\u00e9hension fine de l\u2019approche GordonWeddingFilms, avec le m\u00eame attachement au storytelling, \u00e0 l\u2019\u00e9l\u00e9gance des images et \u00e0 la pr\u00e9cision du d\u00e9tail. Bas\u00e9 en Tha\u00eflande, il accompagne certaines productions en Asie tout en travaillant dans la m\u00eame direction artistique que celle port\u00e9e depuis la Provence.[\/vc_column_text][\/vc_column_inner][vc_column_inner column_width_percent=\u00a0\u00bb100&Prime; gutter_size=\u00a0\u00bb3&Prime; overlay_alpha=\u00a0\u00bb50&Prime; shift_x=\u00a0\u00bb0&Prime; shift_y=\u00a0\u00bb0&Prime; shift_y_down=\u00a0\u00bb0&Prime; z_index=\u00a0\u00bb0&Prime; medium_width=\u00a0\u00bb0&Prime; mobile_width=\u00a0\u00bb0&Prime; width=\u00a0\u00bb1\/4&Prime; uncode_shortcode_id=\u00a0\u00bb100957&Prime;][vc_single_image media=\u00a0\u00bb20562&Prime; media_width_percent=\u00a0\u00bb100&Prime; uncode_shortcode_id=\u00a0\u00bb888600&Prime;][\/vc_column_inner][vc_column_inner column_width_percent=\u00a0\u00bb100&Prime; gutter_size=\u00a0\u00bb3&Prime; overlay_alpha=\u00a0\u00bb50&Prime; shift_x=\u00a0\u00bb0&Prime; shift_y=\u00a0\u00bb0&Prime; shift_y_down=\u00a0\u00bb0&Prime; z_index=\u00a0\u00bb0&Prime; medium_width=\u00a0\u00bb0&Prime; mobile_width=\u00a0\u00bb0&Prime; width=\u00a0\u00bb1\/4&Prime; uncode_shortcode_id=\u00a0\u00bb941260&Prime;][vc_custom_heading heading_semantic=\u00a0\u00bbp\u00a0\u00bb text_size=\u00a0\u00bbh3&Prime; uncode_shortcode_id=\u00a0\u00bb293888&Prime; subheading=\u00a0\u00bbOP\u00c9RATRICE DRONE<br \/>\nBangkok, Tha\u00eflande\u00a0\u00bb text_color_type=\u00a0\u00bbuncode-palette\u00a0\u00bb text_color_solid=\u00a0\u00bb#ff0000&Prime;]Ploydao[\/vc_custom_heading][vc_column_text uncode_shortcode_id=\u00a0\u00bb877020&Prime;]PloyDao est fondatrice et chef op\u00e9ratrice chez Daofilms Production, bas\u00e9e \u00e0 Bangkok. Pilote de drone professionnelle et vid\u00e9aste sensible \u00e0 la narration visuelle, elle r\u00e9alise des images a\u00e9riennes et cin\u00e9matographiques pr\u00e9cises, \u00e9l\u00e9gantes et immersives. Son exp\u00e9rience dans l\u2019h\u00f4tellerie, le tourisme et la production haut de gamme en fait une collaboratrice pr\u00e9cieuse pour certains projets en Tha\u00eflande.[\/vc_column_text][\/vc_column_inner][\/vc_row_inner][\/vc_column][\/vc_row][vc_row row_height_percent=\u00a0\u00bb0&Prime; override_padding=\u00a0\u00bbyes\u00a0\u00bb h_padding=\u00a0\u00bb2&Prime; top_padding=\u00a0\u00bb4&Prime; bottom_padding=\u00a0\u00bb6&Prime; overlay_alpha=\u00a0\u00bb50&Prime; gutter_size=\u00a0\u00bb3&Prime; column_width_percent=\u00a0\u00bb100&Prime; shift_y=\u00a0\u00bb0&Prime; z_index=\u00a0\u00bb0&Prime; uncode_shortcode_id=\u00a0\u00bb737611&Prime;][vc_column column_width_percent=\u00a0\u00bb100&Prime; position_vertical=\u00a0\u00bbmiddle\u00a0\u00bb align_horizontal=\u00a0\u00bbalign_center\u00a0\u00bb gutter_size=\u00a0\u00bb3&Prime; overlay_alpha=\u00a0\u00bb50&Prime; shift_x=\u00a0\u00bb0&Prime; shift_y=\u00a0\u00bb0&Prime; shift_y_down=\u00a0\u00bb0&Prime; z_index=\u00a0\u00bb0&Prime; medium_width=\u00a0\u00bb0&Prime; mobile_width=\u00a0\u00bb0&Prime; width=\u00a0\u00bb1\/1&Prime; uncode_shortcode_id=\u00a0\u00bb191644&Prime;][vc_custom_heading heading_semantic=\u00a0\u00bbp\u00a0\u00bb text_size=\u00a0\u00bbh1&Prime; uncode_shortcode_id=\u00a0\u00bb124379&Prime;]La meilleure fa\u00e7on de capturer un mariage vient de la connexion que nous \u00e9tablissons avec <span style=\"text-decoration: underline;\">les gens<\/span>.[\/vc_custom_heading][\/vc_column][\/vc_row][vc_row unlock_row_content=\u00a0\u00bbyes\u00a0\u00bb row_height_percent=\u00a0\u00bb0&Prime; override_padding=\u00a0\u00bbyes\u00a0\u00bb h_padding=\u00a0\u00bb0&Prime; top_padding=\u00a0\u00bb0&Prime; bottom_padding=\u00a0\u00bb0&Prime; back_color=\u00a0\u00bbcolor-jevc\u00a0\u00bb overlay_alpha=\u00a0\u00bb50&Prime; equal_height=\u00a0\u00bbyes\u00a0\u00bb gutter_size=\u00a0\u00bb0&Prime; column_width_percent=\u00a0\u00bb100&Prime; shift_y=\u00a0\u00bb0&Prime; z_index=\u00a0\u00bb0&Prime; content_parallax=\u00a0\u00bb0&Prime; el_class=\u00a0\u00bbinverted-device-order\u00a0\u00bb uncode_shortcode_id=\u00a0\u00bb160700&Prime; back_color_type=\u00a0\u00bbuncode-palette\u00a0\u00bb][vc_column column_width_use_pixel=\u00a0\u00bbyes\u00a0\u00bb gutter_size=\u00a0\u00bb3&Prime; override_padding=\u00a0\u00bbyes\u00a0\u00bb column_padding=\u00a0\u00bb5&Prime; style=\u00a0\u00bbdark\u00a0\u00bb overlay_alpha=\u00a0\u00bb50&Prime; shift_x=\u00a0\u00bb0&Prime; shift_y=\u00a0\u00bb0&Prime; shift_y_down=\u00a0\u00bb0&Prime; z_index=\u00a0\u00bb0&Prime; medium_width=\u00a0\u00bb0&Prime; mobile_width=\u00a0\u00bb0&Prime; width=\u00a0\u00bb1\/2&Prime; column_width_pixel=\u00a0\u00bb528&Prime; uncode_shortcode_id=\u00a0\u00bb277612&Prime;][vc_custom_heading heading_semantic=\u00a0\u00bbh3&Prime; uncode_shortcode_id=\u00a0\u00bb178065&Prime;]\u00c0 propos de nous[\/vc_custom_heading][vc_column_text uncode_shortcode_id=\u00a0\u00bb388940&Prime;]Mon travail commence par l\u2019humain, pas par la technique. Je crois qu\u2019un <a href=\"https:\/\/www.gordonweddingfilms.com\/fr\/video-clip-mariage\/\">film de mariage<\/a> devient m\u00e9morable lorsqu\u2019il refl\u00e8te le caract\u00e8re, l\u2019\u00e9nergie et la v\u00e9rit\u00e9 \u00e9motionnelle du couple. Mon ambition est de cr\u00e9er des films raffin\u00e9s, narratifs et sensibles pour des couples internationaux qui se marient en Provence ou sur la C\u00f4te d\u2019Azur, souvent organis\u00e9s avec une wedding planner et parfois sur plusieurs jours. Pour comprendre comment sont pr\u00e9par\u00e9s et r\u00e9alis\u00e9s les films, vous pouvez d\u00e9couvrir <a href=\"https:\/\/www.gordonweddingfilms.com\/fr\/approche\/\">l\u2019approche compl\u00e8te<\/a>.[\/vc_column_text][vc_empty_space empty_h=\u00a0\u00bb1&Prime;][vc_row_inner][vc_column_inner column_width_percent=\u00a0\u00bb100&Prime; gutter_size=\u00a0\u00bb3&Prime; style=\u00a0\u00bbdark\u00a0\u00bb overlay_alpha=\u00a0\u00bb50&Prime; shift_x=\u00a0\u00bb0&Prime; shift_y=\u00a0\u00bb0&Prime; shift_y_down=\u00a0\u00bb0&Prime; z_index=\u00a0\u00bb0&Prime; medium_width=\u00a0\u00bb4&Prime; mobile_width=\u00a0\u00bb0&Prime; width=\u00a0\u00bb1\/2&Prime; uncode_shortcode_id=\u00a0\u00bb200776&Prime;][vc_custom_heading heading_semantic=\u00a0\u00bbp\u00a0\u00bb text_size=\u00a0\u00bbh4&Prime; uncode_shortcode_id=\u00a0\u00bb575746&Prime;]<em>Vous<\/em>[\/vc_custom_heading][vc_column_text uncode_shortcode_id=\u00a0\u00bb827501&Prime;]Mes couples id\u00e9aux sont souvent internationaux, cultiv\u00e9s, sensibles et tr\u00e8s attach\u00e9s \u00e0 la valeur du souvenir. Ils recherchent un film authentique, \u00e9l\u00e9gant et profond\u00e9ment narratif, plus qu\u2019un rendu artificiel ou d\u00e9monstratif. Ils aiment les belles ambiances, les lieux choisis avec go\u00fbt, les d\u00e9tails bien pens\u00e9s, et accordent beaucoup d\u2019importance \u00e0 la confiance, \u00e0 la discr\u00e9tion et \u00e0 la relation humaine. Je travaille particuli\u00e8rement bien avec les couples qui organisent un mariage en Provence ou sur la C\u00f4te d\u2019Azur avec une wedding planner, ainsi qu\u2019avec les c\u00e9l\u00e9brations sur plusieurs jours et les exp\u00e9riences invit\u00e9s soigneusement pens\u00e9es.[\/vc_column_text][\/vc_column_inner][vc_column_inner column_width_percent=\u00a0\u00bb100&Prime; gutter_size=\u00a0\u00bb3&Prime; style=\u00a0\u00bbdark\u00a0\u00bb overlay_alpha=\u00a0\u00bb50&Prime; shift_x=\u00a0\u00bb0&Prime; shift_y=\u00a0\u00bb0&Prime; shift_y_down=\u00a0\u00bb0&Prime; z_index=\u00a0\u00bb0&Prime; medium_width=\u00a0\u00bb0&Prime; mobile_width=\u00a0\u00bb0&Prime; width=\u00a0\u00bb1\/2&Prime; uncode_shortcode_id=\u00a0\u00bb138652&Prime;][vc_custom_heading heading_semantic=\u00a0\u00bbp\u00a0\u00bb text_size=\u00a0\u00bbh4&Prime; uncode_shortcode_id=\u00a0\u00bb112436&Prime;]<em>Credo<\/em>[\/vc_custom_heading][vc_column_text uncode_shortcode_id=\u00a0\u00bb135145&Prime;]UNICIT\u00c9 | \u00catre un vrai partenaire<\/p>\n<p>DISPONIBILIT\u00c9 | \u00catre pr\u00e9sent et r\u00e9actif<\/p>\n<p>RESPECT | Honorer chaque histoire et chaque personne<\/p>\n<p>JOIE | Apporter une \u00e9nergie calme et positive<\/p>\n<p>CR\u00c9ATIVIT\u00c9 | Voir autrement[\/vc_column_text][\/vc_column_inner][\/vc_row_inner][\/vc_column][vc_column column_width_percent=\u00a0\u00bb100&Prime; gutter_size=\u00a0\u00bb3&Prime; back_image=\u00a0\u00bb20122&Prime; overlay_alpha=\u00a0\u00bb50&Prime; shift_x=\u00a0\u00bb0&Prime; shift_y=\u00a0\u00bb0&Prime; shift_y_down=\u00a0\u00bb0&Prime; z_index=\u00a0\u00bb0&Prime; medium_width=\u00a0\u00bb0&Prime; mobile_width=\u00a0\u00bb0&Prime; width=\u00a0\u00bb1\/2&Prime; mobile_height=\u00a0\u00bb340&Prime; uncode_shortcode_id=\u00a0\u00bb692388&Prime;][\/vc_column][\/vc_row][vc_row row_height_percent=\u00a0\u00bb0&Prime; override_padding=\u00a0\u00bbyes\u00a0\u00bb h_padding=\u00a0\u00bb2&Prime; top_padding=\u00a0\u00bb6&Prime; bottom_padding=\u00a0\u00bb4&Prime; overlay_alpha=\u00a0\u00bb50&Prime; equal_height=\u00a0\u00bbyes\u00a0\u00bb gutter_size=\u00a0\u00bb4&Prime; column_width_percent=\u00a0\u00bb100&Prime; shift_y=\u00a0\u00bb0&Prime; z_index=\u00a0\u00bb0&Prime; uncode_shortcode_id=\u00a0\u00bb125116&Prime;][vc_column column_width_percent=\u00a0\u00bb100&Prime; position_vertical=\u00a0\u00bbmiddle\u00a0\u00bb gutter_size=\u00a0\u00bb3&Prime; overlay_alpha=\u00a0\u00bb50&Prime; shift_x=\u00a0\u00bb0&Prime; shift_y=\u00a0\u00bb0&Prime; shift_y_down=\u00a0\u00bb0&Prime; z_index=\u00a0\u00bb0&Prime; medium_width=\u00a0\u00bb4&Prime; mobile_width=\u00a0\u00bb0&Prime; width=\u00a0\u00bb6\/12&Prime; el_class=\u00a0\u00bbimage-card image-card-triple\u00a0\u00bb uncode_shortcode_id=\u00a0\u00bb632245&Prime;][vc_single_image media=\u00a0\u00bb17568&Prime; media_width_percent=\u00a0\u00bb100&Prime; media_ratio=\u00a0\u00bbone-one\u00a0\u00bb alignment=\u00a0\u00bbright\u00a0\u00bb uncode_shortcode_id=\u00a0\u00bb163260&Prime;][vc_single_image media=\u00a0\u00bb17569&Prime; media_width_percent=\u00a0\u00bb100&Prime; media_ratio=\u00a0\u00bbone-one\u00a0\u00bb alignment=\u00a0\u00bbright\u00a0\u00bb uncode_shortcode_id=\u00a0\u00bb534049&Prime;][vc_single_image media=\u00a0\u00bb17570&Prime; media_width_percent=\u00a0\u00bb100&Prime; media_ratio=\u00a0\u00bbone-one\u00a0\u00bb alignment=\u00a0\u00bbright\u00a0\u00bb uncode_shortcode_id=\u00a0\u00bb177796&Prime;][\/vc_column][vc_column column_width_percent=\u00a0\u00bb100&Prime; position_horizontal=\u00a0\u00bbleft\u00a0\u00bb position_vertical=\u00a0\u00bbmiddle\u00a0\u00bb gutter_size=\u00a0\u00bb3&Prime; font_family=\u00a0\u00bbfont-136269&Prime; overlay_alpha=\u00a0\u00bb50&Prime; shift_x=\u00a0\u00bb0&Prime; shift_y=\u00a0\u00bb0&Prime; shift_y_down=\u00a0\u00bb0&Prime; z_index=\u00a0\u00bb0&Prime; medium_width=\u00a0\u00bb4&Prime; align_mobile=\u00a0\u00bbalign_center_mobile\u00a0\u00bb mobile_width=\u00a0\u00bb0&Prime; width=\u00a0\u00bb6\/12&Prime; uncode_shortcode_id=\u00a0\u00bb573911&Prime;][vc_custom_heading heading_semantic=\u00a0\u00bbh4&Prime; text_size=\u00a0\u00bbh1&Prime; sub_lead=\u00a0\u00bbyes\u00a0\u00bb uncode_shortcode_id=\u00a0\u00bb259624&Prime;]J&rsquo;enseigne le storytelling pour les vid\u00e9astes de mariage[\/vc_custom_heading][vc_column_text uncode_shortcode_id=\u00a0\u00bb226575&Prime;]La formation fait partie de mon travail depuis 2014. Au fil des ann\u00e9es, j\u2019ai d\u00e9velopp\u00e9 des accompagnements one-to-one en fran\u00e7ais, du mentoring en fran\u00e7ais et en anglais, ainsi que des workshops destin\u00e9s aux vid\u00e9astes et photographes qui veulent raconter des histoires plus fortes dans leurs films de mariage.<\/p>\n<p>J\u2019enseigne la narration, la pr\u00e9-production, l\u2019anticipation du tournage, Final Cut Pro X, la communication, la clart\u00e9 business et la capacit\u00e9 \u00e0 cr\u00e9er des films plus intentionnels, plus \u00e9mouvants et plus durables. J\u2019interviens \u00e9galement comme speaker, notamment au <a href=\"http:\/\/narrativeweddingworkshops.com\" target=\"_blank\" rel=\"noopener\">Narrative Wedding Workshops<\/a> depuis huit ans, au <a href=\"https:\/\/www.instagram.com\/thekickassworkshop\/\" target=\"_blank\" rel=\"noopener\">KickAss Workshop<\/a> en 2021 et 2024, \u00e0 <a href=\"https:\/\/filmmakerglobal.com\/#line-up\" target=\"_blank\" rel=\"noopener\">Global Wedding Filmmaker \u00e0 Rome en 2025<\/a> en tant que speaker et jury, ainsi qu\u2019au <a href=\"https:\/\/congres-toulon2025.metiersdelimage.fr\" target=\"_blank\" rel=\"noopener\">congr\u00e8s FFPMI en 2025<\/a>.[\/vc_column_text][vc_custom_heading heading_semantic=\u00a0\u00bbp\u00a0\u00bb text_size=\u00a0\u00bbh5&Prime; uncode_shortcode_id=\u00a0\u00bb813958&Prime;]<em><a href=\"https:\/\/narrativeweddingworkshops.com\" target=\"_blank\" rel=\"noopener\">Visitez le site du workshop &gt;<\/a><\/em>[\/vc_custom_heading][\/vc_column][\/vc_row][vc_row row_height_percent=\u00a0\u00bb0&Prime; override_padding=\u00a0\u00bbyes\u00a0\u00bb h_padding=\u00a0\u00bb2&Prime; top_padding=\u00a0\u00bb4&Prime; bottom_padding=\u00a0\u00bb3&Prime; overlay_alpha=\u00a0\u00bb50&Prime; equal_height=\u00a0\u00bbyes\u00a0\u00bb gutter_size=\u00a0\u00bb4&Prime; column_width_percent=\u00a0\u00bb100&Prime; shift_y=\u00a0\u00bb0&Prime; z_index=\u00a0\u00bb0&Prime; uncode_shortcode_id=\u00a0\u00bb189295&Prime;][vc_column column_width_percent=\u00a0\u00bb100&Prime; position_horizontal=\u00a0\u00bbleft\u00a0\u00bb position_vertical=\u00a0\u00bbmiddle\u00a0\u00bb gutter_size=\u00a0\u00bb3&Prime; font_family=\u00a0\u00bbfont-136269&Prime; overlay_alpha=\u00a0\u00bb50&Prime; shift_x=\u00a0\u00bb0&Prime; shift_y=\u00a0\u00bb0&Prime; shift_y_down=\u00a0\u00bb0&Prime; z_index=\u00a0\u00bb0&Prime; medium_width=\u00a0\u00bb4&Prime; align_mobile=\u00a0\u00bbalign_center_mobile\u00a0\u00bb mobile_width=\u00a0\u00bb0&Prime; width=\u00a0\u00bb6\/12&Prime; uncode_shortcode_id=\u00a0\u00bb573911&Prime;][vc_custom_heading heading_semantic=\u00a0\u00bbh3&Prime; text_size=\u00a0\u00bbh1&Prime; sub_lead=\u00a0\u00bbyes\u00a0\u00bb uncode_shortcode_id=\u00a0\u00bb981116&Prime;]Filmer la Provence et la C\u00f4te d&rsquo;Azur, et parfois ailleurs[\/vc_custom_heading][vc_column_text uncode_shortcode_id=\u00a0\u00bb100174&Prime;]La Provence et la C\u00f4te d\u2019Azur restent le c\u0153ur de mon travail. J\u2019y trouve une lumi\u00e8re, un rythme, une \u00e9l\u00e9gance et une diversit\u00e9 de lieux qui nourrissent profond\u00e9ment ma mani\u00e8re de filmer. Entre bastides, domaines, villas, villages de caract\u00e8re et h\u00f4tels embl\u00e9matiques, cette r\u00e9gion offre une mati\u00e8re visuelle et \u00e9motionnelle rare pour raconter un mariage.<\/p>\n<p>J\u2019ai eu la chance de filmer ou de travailler dans des lieux comme le <a href=\"https:\/\/www.gordonweddingfilms.com\/fr\/videaste-mariage-grand-hotel-cap-ferrat-four-seasons\/\">Grand-H\u00f4tel du Cap-Ferrat, Four Seasons<\/a>, le <a href=\"https:\/\/www.gordonweddingfilms.com\/fr\/videaste-mariage-chateau-de-castellaras\/\">Ch\u00e2teau de Castellaras<\/a> pr\u00e8s de Cannes, la <a href=\"https:\/\/www.gordonweddingfilms.com\/fr\/videaste-mariage-villa-brignac\/\">Villa Brignac<\/a>, <a href=\"https:\/\/www.gordonweddingfilms.com\/fr\/videaste-mariage-saint-paul-de-vence\/\">Saint-Paul-de-Vence<\/a>, <a href=\"https:\/\/www.gordonweddingfilms.com\/fr\/videaste-mariage-pernes-les-fontaines-vaucluse\/\">Pernes-les-Fontaines<\/a>, ou encore la <a href=\"https:\/\/www.gordonweddingfilms.com\/fr\/inspiration-mariage-provence\/\">Provence autour de Gordes<\/a>. Je travaille aussi r\u00e9guli\u00e8rement sur des mariages en <a href=\"https:\/\/www.gordonweddingfilms.com\/fr\/videaste-mariage-cote-azur\/\">C\u00f4te d\u2019Azur<\/a> et en <a href=\"https:\/\/www.gordonweddingfilms.com\/fr\/videaste-mariage-provence\/\">Provence<\/a>, avec une attention particuli\u00e8re aux atmosph\u00e8res, aux textures, \u00e0 la lumi\u00e8re et aux d\u00e9tails qui donnent sa personnalit\u00e9 \u00e0 chaque film.<\/p>\n<p>Je peux bien s\u00fbr me d\u00e9placer ailleurs lorsque le projet l\u2019exige, mais mon regard s\u2019est construit ici, entre la Provence et la M\u00e9diterran\u00e9e, dans des mariages \u00e9l\u00e9gants, souvent accompagn\u00e9s par des wedding planners, parfois sur plusieurs jours, toujours avec une recherche d\u2019\u00e9motion juste et de narration forte.[\/vc_column_text][vc_custom_heading heading_semantic=\u00a0\u00bbp\u00a0\u00bb text_size=\u00a0\u00bbh5&Prime; uncode_shortcode_id=\u00a0\u00bb145535&Prime;]<em><a href=\"https:\/\/www.gordonweddingfilms.com\/fr\/video-clip-mariage\/\">Voir mes derniers films &gt;<\/a><\/em>[\/vc_custom_heading][\/vc_column][vc_column column_width_percent=\u00a0\u00bb100&Prime; position_vertical=\u00a0\u00bbmiddle\u00a0\u00bb gutter_size=\u00a0\u00bb3&Prime; override_padding=\u00a0\u00bbyes\u00a0\u00bb column_padding=\u00a0\u00bb0&Prime; expand_height=\u00a0\u00bbyes\u00a0\u00bb back_image=\u00a0\u00bb20117&Prime; overlay_alpha=\u00a0\u00bb50&Prime; shift_x=\u00a0\u00bb0&Prime; shift_y=\u00a0\u00bb0&Prime; shift_y_down=\u00a0\u00bb0&Prime; z_index=\u00a0\u00bb0&Prime; medium_width=\u00a0\u00bb4&Prime; mobile_width=\u00a0\u00bb0&Prime; width=\u00a0\u00bb6\/12&Prime; el_class=\u00a0\u00bbimage-card image-card-triple\u00a0\u00bb uncode_shortcode_id=\u00a0\u00bb903680&Prime;][\/vc_column][\/vc_row][vc_row row_height_percent=\u00a0\u00bb0&Prime; override_padding=\u00a0\u00bbyes\u00a0\u00bb h_padding=\u00a0\u00bb2&Prime; top_padding=\u00a0\u00bb4&Prime; bottom_padding=\u00a0\u00bb5&Prime; overlay_alpha=\u00a0\u00bb50&Prime; equal_height=\u00a0\u00bbyes\u00a0\u00bb gutter_size=\u00a0\u00bb5&Prime; column_width_percent=\u00a0\u00bb100&Prime; shift_y=\u00a0\u00bb0&Prime; z_index=\u00a0\u00bb0&Prime; content_parallax=\u00a0\u00bb0&Prime; uncode_shortcode_id=\u00a0\u00bb169793&Prime;][vc_column column_width_percent=\u00a0\u00bb100&Prime; position_vertical=\u00a0\u00bbmiddle\u00a0\u00bb align_horizontal=\u00a0\u00bbalign_center\u00a0\u00bb gutter_size=\u00a0\u00bb3&Prime; back_image=\u00a0\u00bb21595&Prime; overlay_alpha=\u00a0\u00bb50&Prime; shift_x=\u00a0\u00bb0&Prime; shift_y=\u00a0\u00bb0&Prime; shift_y_down=\u00a0\u00bb0&Prime; z_index=\u00a0\u00bb0&Prime; medium_width=\u00a0\u00bb0&Prime; mobile_width=\u00a0\u00bb0&Prime; width=\u00a0\u00bb1\/2&Prime; uncode_shortcode_id=\u00a0\u00bb164062&Prime;][\/vc_column][vc_column width=\u00a0\u00bb1\/2&Prime;][vc_column_text uncode_shortcode_id=\u00a0\u00bb176764&Prime;]<b>2027 (bookings en cours)<br \/>\n<\/b>Tha\u00eflande<\/p>\n<p><b>2026 (bookings en cours)<br \/>\n<\/b>Italie, Tha\u00eflande, France, Irlande<\/p>\n<p><b>2025<br \/>\n<\/b>Tha\u00eflande, France, Espagne, Italie, Gr\u00e8ce<\/p>\n<p><b>2024<br \/>\n<\/b>Tha\u00eflande, France, Italie, Suisse, Monaco<\/p>\n<p><b>2023<br \/>\n<\/b>Portugal, Gr\u00e8ce, France (en cours)<\/p>\n<p><strong>2022<\/strong><br \/>\nFrance, Italie, Espagne, Gr\u00e8ce, Suisse, Tha\u00eflande<\/p>\n<p><strong>2021<\/strong><br \/>\nItalie, France, Majorque, Espagne, Gr\u00e8ce<\/p>\n<p><strong>2020<\/strong><br \/>\nCosta Rica, France<\/p>\n<p><strong>2019<\/strong><br \/>\nItalie, France, Espagne, Tha\u00eflande, Maroc<\/p>\n<p><strong>2018<br \/>\n<\/strong> France, USA, Espagne, Maroc[\/vc_column_text][\/vc_column][\/vc_row][vc_row row_height_percent=\u00a0\u00bb0&Prime; override_padding=\u00a0\u00bbyes\u00a0\u00bb h_padding=\u00a0\u00bb2&Prime; top_padding=\u00a0\u00bb4&Prime; bottom_padding=\u00a0\u00bb3&Prime; back_color=\u00a0\u00bbcolor-599905&Prime; overlay_alpha=\u00a0\u00bb50&Prime; equal_height=\u00a0\u00bbyes\u00a0\u00bb gutter_size=\u00a0\u00bb4&Prime; column_width_percent=\u00a0\u00bb100&Prime; shift_y=\u00a0\u00bb0&Prime; z_index=\u00a0\u00bb0&Prime; uncode_shortcode_id=\u00a0\u00bb456627&Prime; back_color_type=\u00a0\u00bbuncode-palette\u00a0\u00bb][vc_column column_width_percent=\u00a0\u00bb100&Prime; position_vertical=\u00a0\u00bbmiddle\u00a0\u00bb gutter_size=\u00a0\u00bb3&Prime; overlay_alpha=\u00a0\u00bb50&Prime; shift_x=\u00a0\u00bb0&Prime; shift_y=\u00a0\u00bb0&Prime; shift_y_down=\u00a0\u00bb0&Prime; z_index=\u00a0\u00bb0&Prime; medium_width=\u00a0\u00bb4&Prime; mobile_width=\u00a0\u00bb0&Prime; width=\u00a0\u00bb6\/12&Prime; el_class=\u00a0\u00bbimage-card image-card-triple\u00a0\u00bb uncode_shortcode_id=\u00a0\u00bb102438&Prime;][vc_custom_heading heading_semantic=\u00a0\u00bbh4&Prime; text_size=\u00a0\u00bbh1&Prime; sub_lead=\u00a0\u00bbyes\u00a0\u00bb uncode_shortcode_id=\u00a0\u00bb183602&Prime;]Philosophie[\/vc_custom_heading][vc_custom_heading heading_semantic=\u00a0\u00bbp\u00a0\u00bb text_size=\u00a0\u00bbh4&Prime; text_height=\u00a0\u00bbfontheight-211424&Prime; sub_lead=\u00a0\u00bbyes\u00a0\u00bb uncode_shortcode_id=\u00a0\u00bb114568&Prime;]<em>La qualit\u00e9 d&rsquo;un film d\u00e9pend de la relation \u00e9tablie avec le couple.<\/em>[\/vc_custom_heading][vc_column_text uncode_shortcode_id=\u00a0\u00bb195209&Prime;]La relation que je construis avec mes couples est centrale dans la qualit\u00e9 du travail. Je prends toujours le temps de les rencontrer en amont, de comprendre ce qui compte pour eux, la tonalit\u00e9 \u00e9motionnelle de leur mariage, leur mani\u00e8re d\u2019\u00eatre ensemble, leurs liens et leurs nuances. Cette proximit\u00e9 me permet de filmer avec plus de justesse et de cr\u00e9er un travail fid\u00e8le \u00e0 leurs couleurs.<\/p>\n<p>Chaque film est pens\u00e9 avec soin, intention et exigence, sans chercher \u00e0 r\u00e9p\u00e9ter une formule. Je continue \u00e0 nourrir mon regard \u00e0 travers le cin\u00e9ma, la musique, les voyages et la vie quotidienne, afin que chaque mariage puisse \u00eatre abord\u00e9 avec des yeux neufs et un langage \u00e9motionnel singulier.[\/vc_column_text][\/vc_column][vc_column column_width_percent=\u00a0\u00bb100&Prime; position_horizontal=\u00a0\u00bbleft\u00a0\u00bb position_vertical=\u00a0\u00bbmiddle\u00a0\u00bb gutter_size=\u00a0\u00bb3&Prime; font_family=\u00a0\u00bbfont-136269&Prime; overlay_alpha=\u00a0\u00bb50&Prime; shift_x=\u00a0\u00bb0&Prime; shift_y=\u00a0\u00bb0&Prime; shift_y_down=\u00a0\u00bb0&Prime; z_index=\u00a0\u00bb0&Prime; medium_width=\u00a0\u00bb4&Prime; align_mobile=\u00a0\u00bbalign_center_mobile\u00a0\u00bb mobile_width=\u00a0\u00bb0&Prime; width=\u00a0\u00bb6\/12&Prime; uncode_shortcode_id=\u00a0\u00bb573911&Prime;][vc_column_text uncode_shortcode_id=\u00a0\u00bb195972&Prime;]Je ne travaille pas \u00e0 l\u2019heure et mon approche ne se limite pas \u00e0 couvrir les \u00e9v\u00e9nements. Je prends le temps de comprendre le couple, de me documenter sur les lieux, d\u2019\u00e9changer avec les wedding planners et les autres prestataires, et de pr\u00e9parer en amont la direction \u00e9motionnelle et visuelle du film.<\/p>\n<p>Le jour du mariage, j\u2019observe beaucoup, j\u2019\u00e9coute, je m\u2019impr\u00e8gne des atmosph\u00e8res et je tourne d\u00e9j\u00e0 en pensant \u00e0 la structure finale. De retour au studio, le montage commence par l\u2019\u00e9coute, le tri, l\u2019\u00e9criture et l\u2019intention narrative. La musique joue aussi un r\u00f4le central dans mon travail. Je passe du temps \u00e0 choisir le bon morceau, \u00e0 travailler le rythme, puis \u00e0 affiner chaque s\u00e9quence jusqu\u2019\u00e0 obtenir l\u2019\u00e9quilibre \u00e9motionnel recherch\u00e9. D\u00e9couvrez les <a href=\"https:\/\/www.gordonweddingfilms.com\/fr\/experiences-clients\/\">avis des couples qui ont choisi GordonWeddingfilms<\/a>.<\/p>\n<p>Bas\u00e9 en Provence, je couvre les mariages dans tout le sud de la France et sur la C\u00f4te d\u2019Azur, avec une \u00e9quipe de confiance disponible selon les besoins, notamment avec un pilote de drone certifi\u00e9 pour certaines productions. En Tha\u00eflande, Matteo et son \u00e9quipe locale peuvent intervenir quand le projet le n\u00e9cessite. Je reste dans tous les cas responsable de la direction artistique et je monte personnellement chaque film.[\/vc_column_text][\/vc_column][\/vc_row][vc_row row_height_percent=\u00a0\u00bb0&Prime; back_image=\u00a0\u00bb21227&Prime; overlay_color=\u00a0\u00bbcolor-nhtu\u00a0\u00bb overlay_alpha=\u00a0\u00bb43&Prime; gutter_size=\u00a0\u00bb3&Prime; column_width_percent=\u00a0\u00bb100&Prime; shift_y=\u00a0\u00bb0&Prime; z_index=\u00a0\u00bb0&Prime; content_parallax=\u00a0\u00bb0&Prime; uncode_shortcode_id=\u00a0\u00bb202829&Prime; overlay_color_type=\u00a0\u00bbuncode-palette\u00a0\u00bb][vc_column column_width_percent=\u00a0\u00bb100&Prime; gutter_size=\u00a0\u00bb3&Prime; overlay_alpha=\u00a0\u00bb50&Prime; shift_x=\u00a0\u00bb0&Prime; shift_y=\u00a0\u00bb0&Prime; shift_y_down=\u00a0\u00bb0&Prime; z_index=\u00a0\u00bb0&Prime; medium_width=\u00a0\u00bb0&Prime; mobile_width=\u00a0\u00bb0&Prime; width=\u00a0\u00bb1\/1&Prime; uncode_shortcode_id=\u00a0\u00bb495188&Prime;][vc_empty_space empty_h=\u00a0\u00bb3&Prime;][vc_row_inner limit_content=\u00a0\u00bb\u00a0\u00bb][vc_column_inner column_width_percent=\u00a0\u00bb100&Prime; position_vertical=\u00a0\u00bbmiddle\u00a0\u00bb align_horizontal=\u00a0\u00bbalign_center\u00a0\u00bb gutter_size=\u00a0\u00bb3&Prime; style=\u00a0\u00bbdark\u00a0\u00bb overlay_alpha=\u00a0\u00bb50&Prime; shift_x=\u00a0\u00bb0&Prime; shift_y=\u00a0\u00bb0&Prime; shift_y_down=\u00a0\u00bb0&Prime; z_index=\u00a0\u00bb0&Prime; medium_width=\u00a0\u00bb0&Prime; mobile_width=\u00a0\u00bb0&Prime; width=\u00a0\u00bb1\/1&Prime; uncode_shortcode_id=\u00a0\u00bb126095&Prime;][vc_custom_heading heading_semantic=\u00a0\u00bbp\u00a0\u00bb text_size=\u00a0\u00bbh1&Prime; uncode_shortcode_id=\u00a0\u00bb926095&Prime;]R\u00e9compenses[\/vc_custom_heading][vc_empty_space empty_h=\u00a0\u00bb2&Prime;][\/vc_column_inner][\/vc_row_inner][vc_row_inner limit_content=\u00a0\u00bb\u00a0\u00bb][vc_column_inner column_width_percent=\u00a0\u00bb100&Prime; position_vertical=\u00a0\u00bbmiddle\u00a0\u00bb align_horizontal=\u00a0\u00bbalign_center\u00a0\u00bb gutter_size=\u00a0\u00bb3&Prime; overlay_alpha=\u00a0\u00bb50&Prime; shift_x=\u00a0\u00bb0&Prime; shift_y=\u00a0\u00bb0&Prime; shift_y_down=\u00a0\u00bb0&Prime; z_index=\u00a0\u00bb0&Prime; medium_width=\u00a0\u00bb0&Prime; mobile_width=\u00a0\u00bb0&Prime; width=\u00a0\u00bb2\/3&Prime; uncode_shortcode_id=\u00a0\u00bb212805&Prime;][vc_single_image media=\u00a0\u00bb22028&Prime; media_width_percent=\u00a0\u00bb100&Prime; alignment=\u00a0\u00bbcenter\u00a0\u00bb uncode_shortcode_id=\u00a0\u00bb126766&Prime;][\/vc_column_inner][vc_column_inner column_width_percent=\u00a0\u00bb100&Prime; position_vertical=\u00a0\u00bbmiddle\u00a0\u00bb align_horizontal=\u00a0\u00bbalign_center\u00a0\u00bb gutter_size=\u00a0\u00bb3&Prime; style=\u00a0\u00bbdark\u00a0\u00bb overlay_alpha=\u00a0\u00bb50&Prime; shift_x=\u00a0\u00bb0&Prime; shift_y=\u00a0\u00bb0&Prime; shift_y_down=\u00a0\u00bb0&Prime; z_index=\u00a0\u00bb0&Prime; medium_width=\u00a0\u00bb0&Prime; mobile_width=\u00a0\u00bb0&Prime; width=\u00a0\u00bb1\/3&Prime; uncode_shortcode_id=\u00a0\u00bb102292&Prime;][vc_custom_heading heading_semantic=\u00a0\u00bbh4&Prime; text_size=\u00a0\u00bbh4&Prime; uncode_shortcode_id=\u00a0\u00bb325357&Prime;]<em>Reconnaissance internationale<\/em>[\/vc_custom_heading][vc_column_text uncode_shortcode_id=\u00a0\u00bb649296&Prime;]GordonWeddingFilms a \u00e9t\u00e9 r\u00e9compens\u00e9 par plusieurs associations et festivals pour le film de mariage, le montage et la direction artistique. Parmi les distinctions r\u00e9centes figurent Best Wedding Film Award 2025 par Inspiration Photographers, Best Bronze Award 2025 par AsiaWPA, Best 2x Wedding Film Award 2024 par Inspiration Photographers, ainsi que Best Wedding Highlight 2021 et Best Colorist 2021 par WEVA. Le travail a \u00e9galement \u00e9t\u00e9 publi\u00e9 sur <a href=\"https:\/\/wezoree.com\/interviews\/videographers\/crafting-meaning-through-motion-inside-meryll-de-gordon-s-vision-of-wedding-cinema\/\" target=\"_blank\" rel=\"noopener\">Wezoree<\/a>, <a href=\"https:\/\/www.frenchweddingstyle.com\/wedding-video\/gordon-wedding-films\/\" target=\"_blank\" rel=\"noopener\">French Wedding Style<\/a>, <a href=\"https:\/\/filmmakerglobal.com\/meryll-de-gordon\/\" target=\"_blank\" rel=\"noopener\">Filmmaker Global<\/a>, <a href=\"https:\/\/bridalmusings.com\/101563\/destination-wedding-film-in-a-french-castle\/\" target=\"_blank\" rel=\"noopener\">Bridal Musings<\/a>, <a href=\"https:\/\/caratsandcake.com\/vendor\/gordon-wedding-films\" target=\"_blank\" rel=\"noopener\">Carats &amp; Cake<\/a>, <a href=\"https:\/\/www.ruffledblog.com\/natai-beach-wedding-spice-tones\/\" target=\"_blank\" rel=\"noopener\">Ruffled<\/a>, <a href=\"https:\/\/www.leblogdemadamec.fr\/blog-mariage-lifestyle\/videaste-mariage\/\" target=\"_blank\" rel=\"noopener\">Madame C<\/a> et <a href=\"https:\/\/www.weddingchicks.com\/new-wedding-ideas\/a-magical-and-romantic-elopement-in-the-lavender-fields-of-drome-provencale\/\" target=\"_blank\" rel=\"noopener\">Wedding Chicks<\/a>.[\/vc_column_text][\/vc_column_inner][\/vc_row_inner][vc_empty_space empty_h=\u00a0\u00bb3&Prime;][\/vc_column][\/vc_row]<\/p>\n<\/div>","protected":false},"excerpt":{"rendered":"<p>[vc_row unlock_row_content=\u00a0\u00bbyes\u00a0\u00bb row_height_percent=\u00a0\u00bb0&Prime; back_image=\u00a0\u00bb18733&Prime; overlay_alpha=\u00a0\u00bb50&Prime; gutter_size=\u00a0\u00bb3&Prime; column_width_percent=\u00a0\u00bb100&Prime; shift_y=\u00a0\u00bb0&Prime; z_index=\u00a0\u00bb0&Prime; content_parallax=\u00a0\u00bb0&Prime; uncode_shortcode_id=\u00a0\u00bb125731&Prime;][vc_column column_width_percent=\u00a0\u00bb100&Prime; position_vertical=\u00a0\u00bbmiddle\u00a0\u00bb align_horizontal=\u00a0\u00bbalign_center\u00a0\u00bb gutter_size=\u00a0\u00bb3&Prime; style=\u00a0\u00bbdark\u00a0\u00bb overlay_alpha=\u00a0\u00bb50&Prime; shift_x=\u00a0\u00bb0&Prime; shift_y=\u00a0\u00bb0&Prime; shift_y_down=\u00a0\u00bb0&Prime; [&hellip;]<\/p>\n","protected":false},"author":1,"featured_media":0,"parent":0,"menu_order":0,"comment_status":"closed","ping_status":"closed","template":"","meta":{"_acf_changed":false,"footnotes":""},"class_list":["post-20665","page","type-page","status-publish","hentry"],"acf":[],"_links":{"self":[{"href":"https:\/\/www.gordonweddingfilms.com\/fr\/wp-json\/wp\/v2\/pages\/20665","targetHints":{"allow":["GET"]}}],"collection":[{"href":"https:\/\/www.gordonweddingfilms.com\/fr\/wp-json\/wp\/v2\/pages"}],"about":[{"href":"https:\/\/www.gordonweddingfilms.com\/fr\/wp-json\/wp\/v2\/types\/page"}],"author":[{"embeddable":true,"href":"https:\/\/www.gordonweddingfilms.com\/fr\/wp-json\/wp\/v2\/users\/1"}],"replies":[{"embeddable":true,"href":"https:\/\/www.gordonweddingfilms.com\/fr\/wp-json\/wp\/v2\/comments?post=20665"}],"version-history":[{"count":0,"href":"https:\/\/www.gordonweddingfilms.com\/fr\/wp-json\/wp\/v2\/pages\/20665\/revisions"}],"wp:attachment":[{"href":"https:\/\/www.gordonweddingfilms.com\/fr\/wp-json\/wp\/v2\/media?parent=20665"}],"curies":[{"name":"wp","href":"https:\/\/api.w.org\/{rel}","templated":true}]}}