{"id":18290,"date":"2023-03-23T16:19:55","date_gmt":"2023-03-23T15:19:55","guid":{"rendered":"https:\/\/www.gordonweddingfilms.com\/?page_id=18290"},"modified":"2026-04-08T14:33:24","modified_gmt":"2026-04-08T13:33:24","slug":"formation-final-cut-fcpx-mariage","status":"publish","type":"page","link":"https:\/\/www.gordonweddingfilms.com\/fr\/formation-final-cut-fcpx-mariage\/","title":{"rendered":"formation Ma\u00eetrisez Final Cut Pro"},"content":{"rendered":"<div class=\"wpb-content-wrapper\"><p>[vc_row unlock_row_content=\u00a0\u00bbyes\u00a0\u00bb row_height_percent=\u00a0\u00bb0&Prime; back_image=\u00a0\u00bb22157&Prime; overlay_alpha=\u00a0\u00bb50&Prime; gutter_size=\u00a0\u00bb3&Prime; column_width_percent=\u00a0\u00bb100&Prime; shift_y=\u00a0\u00bb0&Prime; z_index=\u00a0\u00bb0&Prime; content_parallax=\u00a0\u00bb0&Prime; uncode_shortcode_id=\u00a0\u00bb727934&Prime;][vc_column column_width_percent=\u00a0\u00bb100&Prime; position_vertical=\u00a0\u00bbmiddle\u00a0\u00bb align_horizontal=\u00a0\u00bbalign_center\u00a0\u00bb gutter_size=\u00a0\u00bb3&Prime; style=\u00a0\u00bbdark\u00a0\u00bb overlay_alpha=\u00a0\u00bb50&Prime; shift_x=\u00a0\u00bb0&Prime; shift_y=\u00a0\u00bb0&Prime; shift_y_down=\u00a0\u00bb0&Prime; z_index=\u00a0\u00bb0&Prime; medium_width=\u00a0\u00bb0&Prime; mobile_width=\u00a0\u00bb0&Prime; uncode_shortcode_id=\u00a0\u00bb129628&Prime;][vc_empty_space empty_h=\u00a0\u00bb4&Prime;][vc_row_inner row_inner_height_percent=\u00a0\u00bb0&Prime; overlay_alpha=\u00a0\u00bb50&Prime; gutter_size=\u00a0\u00bb3&Prime; border_color=\u00a0\u00bbcolor-lxmt\u00a0\u00bb shift_y=\u00a0\u00bb0&Prime; z_index=\u00a0\u00bb0&Prime; uncode_shortcode_id=\u00a0\u00bb196715&Prime; border_color_type=\u00a0\u00bbuncode-palette\u00a0\u00bb][vc_column_inner column_width_percent=\u00a0\u00bb100&Prime; position_vertical=\u00a0\u00bbmiddle\u00a0\u00bb align_horizontal=\u00a0\u00bbalign_center\u00a0\u00bb gutter_size=\u00a0\u00bb0&Prime; back_color=\u00a0\u00bbcolor-xsdn\u00a0\u00bb overlay_alpha=\u00a0\u00bb50&Prime; border_color=\u00a0\u00bbcolor-lxmt\u00a0\u00bb shift_x=\u00a0\u00bb0&Prime; shift_y=\u00a0\u00bb0&Prime; shift_y_down=\u00a0\u00bb0&Prime; z_index=\u00a0\u00bb0&Prime; medium_width=\u00a0\u00bb0&Prime; mobile_width=\u00a0\u00bb0&Prime; width=\u00a0\u00bb1\/1&Prime; uncode_shortcode_id=\u00a0\u00bb180165&Prime; border_color_type=\u00a0\u00bbuncode-palette\u00a0\u00bb back_color_type=\u00a0\u00bbuncode-palette\u00a0\u00bb][vc_custom_heading heading_semantic=\u00a0\u00bbh1&Prime; text_size=\u00a0\u00bbh1&Prime; uncode_shortcode_id=\u00a0\u00bb447581&Prime; subheading=\u00a0\u00bbD\u00e9butants \u00b7 Distance ou pr\u00e9sentiel \u00b7 1 ou 2 jours \u00b7 Finan\u00e7able\u00a0\u00bb]Formation Ma\u00eetriser Final Cut Pro X[\/vc_custom_heading][\/vc_column_inner][\/vc_row_inner][vc_empty_space empty_h=\u00a0\u00bb5&Prime;][\/vc_column][\/vc_row][vc_row unlock_row_content=\u00a0\u00bbyes\u00a0\u00bb row_height_percent=\u00a0\u00bb0&Prime; override_padding=\u00a0\u00bbyes\u00a0\u00bb h_padding=\u00a0\u00bb3&Prime; top_padding=\u00a0\u00bb4&Prime; bottom_padding=\u00a0\u00bb2&Prime; overlay_alpha=\u00a0\u00bb50&Prime; equal_height=\u00a0\u00bbyes\u00a0\u00bb gutter_size=\u00a0\u00bb4&Prime; column_width_percent=\u00a0\u00bb100&Prime; shift_y=\u00a0\u00bb0&Prime; z_index=\u00a0\u00bb0&Prime; content_parallax=\u00a0\u00bb0&Prime; uncode_shortcode_id=\u00a0\u00bb197687&Prime;][vc_column column_width_percent=\u00a0\u00bb100&Prime; position_vertical=\u00a0\u00bbmiddle\u00a0\u00bb gutter_size=\u00a0\u00bb3&Prime; back_color=\u00a0\u00bbcolor-125935&Prime; overlay_alpha=\u00a0\u00bb50&Prime; shift_x=\u00a0\u00bb0&Prime; shift_y=\u00a0\u00bb0&Prime; shift_y_down=\u00a0\u00bb0&Prime; z_index=\u00a0\u00bb0&Prime; medium_width=\u00a0\u00bb0&Prime; mobile_width=\u00a0\u00bb0&Prime; uncode_shortcode_id=\u00a0\u00bb751664&Prime; width=\u00a0\u00bb2\/3&Prime; back_color_type=\u00a0\u00bbuncode-palette\u00a0\u00bb][vc_column_text text_lead=\u00a0\u00bbyes\u00a0\u00bb uncode_shortcode_id=\u00a0\u00bb435595&Prime;]Formation Ma\u00eetrisez Final Cut Pro : un choix de modules complets \u00e0 s\u00e9lectionner selon vos objectifs pour aller plus, gagner un temps consid\u00e9rable au profit de votre cr\u00e9ativit\u00e9. Vous allez apprendre \u00e0 :<\/p>\n<ul>\n<li style=\"list-style-type: none;\">\n<ul>\n<li>Gagner du temps gr\u00e2ce \u00e0 un workflow super efficace<\/li>\n<li>G\u00e9rer facilement vos m\u00e9dias<\/li>\n<li>D\u00e9rusher en moins d\u2019une heure<\/li>\n<li>Utiliser des techniques avanc\u00e9es simplement<\/li>\n<li>Obtenir un design sonore puissant et clair<\/li>\n<li>Donner un vrai look \u00e0 vos films<\/li>\n<\/ul>\n<\/li>\n<\/ul>\n<p>[\/vc_column_text][vc_separator sep_color=\u00a0\u00bb\u00a0\u00bb uncode_shortcode_id=\u00a0\u00bb209268&Prime;][vc_custom_heading heading_semantic=\u00a0\u00bbp\u00a0\u00bb text_size=\u00a0\u00bbh4&Prime; uncode_shortcode_id=\u00a0\u00bb159030&Prime;]Format[\/vc_custom_heading][vc_column_text uncode_shortcode_id=\u00a0\u00bb919733&Prime;]Cours particuliers (th\u00e9orie et mise en pratique) en t\u00eate \u00e0 t\u00eate sur 1 ou 2 journ\u00e9es cr\u00e9es sur-mesures pr\u00e8s d\u2019Aix-en-Provence (Lambesc) en pr\u00e9sentiel ou \u00e0 distance. Formations compl\u00e9mentaires : <a href=\"https:\/\/www.gordonweddingfilms.com\/fr\/formation-videaste-mariage\/\">devenir vid\u00e9aste de mariage<\/a>, <a href=\"https:\/\/www.gordonweddingfilms.com\/fr\/formation-videaste-mariage-avance\/\">\u00e9levez vos productions<\/a>, <a href=\"https:\/\/www.gordonweddingfilms.com\/fr\/formation-videaste-mariage\/\">workshop l\u2019art du storytelling<\/a>.[\/vc_column_text][vc_custom_heading heading_semantic=\u00a0\u00bbp\u00a0\u00bb text_size=\u00a0\u00bbh4&Prime; uncode_shortcode_id=\u00a0\u00bb271371&Prime;]Profil[\/vc_custom_heading][vc_column_text uncode_shortcode_id=\u00a0\u00bb816377&Prime;]Cette formation Ma\u00eetriser Final Cut Pro X s\u2019adresse aux vid\u00e9astes d\u00e9butants \u00e0 interm\u00e9diaires, aux photographes souhaitant int\u00e9grer la vid\u00e9o \u00e0 leur offre, ainsi qu\u2019aux personnes en transition ou en cr\u00e9ation d\u2019activit\u00e9.<br \/>\nElle propose une approche concr\u00e8te, centr\u00e9e sur la pratique, avec des m\u00e9thodes de travail directement applicables. L\u2019objectif est de gagner en efficacit\u00e9, structurer un workflow fiable et se sentir pleinement \u00e0 l\u2019aise lors de ses prochains montages.[\/vc_column_text][vc_custom_heading heading_semantic=\u00a0\u00bbp\u00a0\u00bb text_size=\u00a0\u00bbh4&Prime; uncode_shortcode_id=\u00a0\u00bb124232&Prime;]Financement[\/vc_custom_heading][vc_column_text uncode_shortcode_id=\u00a0\u00bb291612&Prime;]L\u2019investissement est de 850\u20ac la journ\u00e9e (2 \u00e0 3 modules) ou 1600\u20ac les deux journ\u00e9es (5 \u00e0 6 modules). Cette formation est \u00e9ligible \u00e0 une prise en charge FAFCEA, AGEFICE, AFDAS, FIFPL, Opcommerce et AGEFIPH. Nous nous occupons de votre dossier de financement. Possibilit\u00e9 de r\u00e9gler en plusieurs fois sans frais.<\/p>\n<p>.[\/vc_column_text][vc_separator sep_color=\u00a0\u00bbcolor-xsdn\u00a0\u00bb full_width=\u00a0\u00bbyes\u00a0\u00bb uncode_shortcode_id=\u00a0\u00bb889302&Prime; sep_color_type=\u00a0\u00bbuncode-palette\u00a0\u00bb el_height=\u00a0\u00bb30px\u00a0\u00bb][vc_empty_space empty_h=\u00a0\u00bb2&Prime;][vc_custom_heading heading_semantic=\u00a0\u00bbp\u00a0\u00bb uncode_shortcode_id=\u00a0\u00bb119379&Prime;]8 modules au choix[\/vc_custom_heading][vc_column_text text_lead=\u00a0\u00bbyes\u00a0\u00bb uncode_shortcode_id=\u00a0\u00bb194369&Prime;]pour une formation d\u2019une dur\u00e9e d\u2019une ou deux journ\u00e9es en pr\u00e9sentiel ou \u00e0 distance. G\u00e9n\u00e9ralement, une journ\u00e9e contient 3 \u00e0 4 modules.[\/vc_column_text][vc_empty_space empty_h=\u00a0\u00bb3&Prime;][vc_row_inner row_inner_height_percent=\u00a0\u00bb0&Prime; overlay_alpha=\u00a0\u00bb50&Prime; gutter_size=\u00a0\u00bb3&Prime; shift_y=\u00a0\u00bb0&Prime; z_index=\u00a0\u00bb0&Prime; uncode_shortcode_id=\u00a0\u00bb130464&Prime;][vc_column_inner width=\u00a0\u00bb1\/3&Prime;][vc_custom_heading heading_semantic=\u00a0\u00bbp\u00a0\u00bb text_size=\u00a0\u00bbh4&Prime; sub_reduced=\u00a0\u00bbyes\u00a0\u00bb uncode_shortcode_id=\u00a0\u00bb305414&Prime;]1. Pr\u00e9ambule[\/vc_custom_heading][vc_column_text uncode_shortcode_id=\u00a0\u00bb263057&Prime;]<\/p>\n<ul>\n<li>Comprendre l\u2019interface de Fcpx<\/li>\n<li>Adapter le soft \u00e0 son mode de travail<\/li>\n<li>Pr\u00e9f\u00e9rences et raccourcis essentiels<\/li>\n<li>Gestion des m\u00e9dias<\/li>\n<li>Importation, proxys<\/li>\n<li>Les sauvegardes<\/li>\n<\/ul>\n<p>[\/vc_column_text][\/vc_column_inner][vc_column_inner width=\u00a0\u00bb1\/3&Prime;][vc_custom_heading heading_semantic=\u00a0\u00bbp\u00a0\u00bb text_size=\u00a0\u00bbh4&Prime; sub_reduced=\u00a0\u00bbyes\u00a0\u00bb uncode_shortcode_id=\u00a0\u00bb192251&Prime;]2. Derushage[\/vc_custom_heading][vc_column_text uncode_shortcode_id=\u00a0\u00bb827267&Prime;]<\/p>\n<ul>\n<li>Optimiser le classement des plans<\/li>\n<li>Utiliser les mots-cl\u00e9s<\/li>\n<li>Derusher en 45 minutes max.<\/li>\n<li>Synchronisation audio\/video<\/li>\n<li>Pr\u00e9parer le montage<\/li>\n<\/ul>\n<p>[\/vc_column_text][\/vc_column_inner][vc_column_inner width=\u00a0\u00bb1\/3&Prime;][vc_custom_heading heading_semantic=\u00a0\u00bbp\u00a0\u00bb text_size=\u00a0\u00bbh4&Prime; sub_reduced=\u00a0\u00bbyes\u00a0\u00bb uncode_shortcode_id=\u00a0\u00bb117879&Prime;]3. Montage part.I[\/vc_custom_heading][vc_column_text uncode_shortcode_id=\u00a0\u00bb209440&Prime;]<\/p>\n<ul>\n<li>Les outils essentiels \u00e0 ma\u00eetriser<\/li>\n<li>Cr\u00e9er des projets<\/li>\n<li>Exploiter la timeline magn\u00e9tique<\/li>\n<li>Le montage du film long<\/li>\n<li>Le montage du teaser<\/li>\n<li>Le montage de la c\u00e9r\u00e9monie<\/li>\n<\/ul>\n<p>[\/vc_column_text][\/vc_column_inner][\/vc_row_inner][vc_row_inner][vc_column_inner width=\u00a0\u00bb1\/3&Prime;][vc_custom_heading heading_semantic=\u00a0\u00bbp\u00a0\u00bb text_size=\u00a0\u00bbh4&Prime; sub_reduced=\u00a0\u00bbyes\u00a0\u00bb uncode_shortcode_id=\u00a0\u00bb128120&Prime;]4. Montage part.II[\/vc_custom_heading][vc_column_text uncode_shortcode_id=\u00a0\u00bb366561&Prime;]<\/p>\n<ul>\n<li>Utiliser les roles<\/li>\n<li>Ins\u00e9rer des transitions<\/li>\n<li>Cr\u00e9er des effets<\/li>\n<li>Rattraper les erreurs de tournage<\/li>\n<li>Ajouter des titrages<\/li>\n<\/ul>\n<p>[\/vc_column_text][\/vc_column_inner][vc_column_inner width=\u00a0\u00bb1\/3&Prime;][vc_custom_heading heading_semantic=\u00a0\u00bbp\u00a0\u00bb text_size=\u00a0\u00bbh4&Prime; sub_reduced=\u00a0\u00bbyes\u00a0\u00bb uncode_shortcode_id=\u00a0\u00bb284592&Prime;]5. Sound design[\/vc_custom_heading][vc_column_text uncode_shortcode_id=\u00a0\u00bb377786&Prime;]<\/p>\n<ul>\n<li>Les outils pour g\u00e9rer l\u2019audio<\/li>\n<li>Le traitement de la voixEnrichir l\u2019espace avec des effets<br \/>\nUtiliser la st\u00e9r\u00e9o pour u<\/li>\n<li>ne meilleur clart\u00e9 du son<\/li>\n<li>Mixer voix, effets et musiques<\/li>\n<li>Mastering, la touche finale<\/li>\n<\/ul>\n<p>[\/vc_column_text][\/vc_column_inner][vc_column_inner width=\u00a0\u00bb1\/3&Prime;][vc_custom_heading heading_semantic=\u00a0\u00bbp\u00a0\u00bb text_size=\u00a0\u00bbh4&Prime; sub_reduced=\u00a0\u00bbyes\u00a0\u00bb uncode_shortcode_id=\u00a0\u00bb117406&Prime;]6. Etalonnage[\/vc_custom_heading][vc_column_text uncode_shortcode_id=\u00a0\u00bb373734&Prime;]<\/p>\n<ul>\n<li>Trouver LE look<\/li>\n<li>Les Luts et autres plugins<\/li>\n<li>Expo, courbes, saturation<\/li>\n<li>Obtenir une coh\u00e9rence g\u00e9n\u00e9rale<\/li>\n<li>Les combinaisons de couleurs<\/li>\n<li>Les masques, flares et autres effets<\/li>\n<\/ul>\n<p>[\/vc_column_text][\/vc_column_inner][\/vc_row_inner][vc_row_inner][vc_column_inner width=\u00a0\u00bb1\/3&Prime;][vc_custom_heading heading_semantic=\u00a0\u00bbp\u00a0\u00bb text_size=\u00a0\u00bbh4&Prime; sub_reduced=\u00a0\u00bbyes\u00a0\u00bb uncode_shortcode_id=\u00a0\u00bb647846&Prime;]7. Export et partage[\/vc_custom_heading][vc_column_text uncode_shortcode_id=\u00a0\u00bb189880&Prime;]<\/p>\n<ul>\n<li>Les rendus<\/li>\n<li>Formats d\u2019export<\/li>\n<li>L\u2019utilit\u00e9 de compressor<\/li>\n<li>Les options de partage<\/li>\n<\/ul>\n<p>[\/vc_column_text][\/vc_column_inner][vc_column_inner width=\u00a0\u00bb1\/3&Prime;][vc_custom_heading heading_semantic=\u00a0\u00bbp\u00a0\u00bb text_size=\u00a0\u00bbh4&Prime; sub_reduced=\u00a0\u00bbyes\u00a0\u00bb uncode_shortcode_id=\u00a0\u00bb176752&Prime;]8. Trucs &amp; astuces[\/vc_custom_heading][vc_column_text uncode_shortcode_id=\u00a0\u00bb125878&Prime;]<\/p>\n<ul>\n<li>D\u00e9bugger FCPX<\/li>\n<li>Retrouver des plans manquants<\/li>\n<li>Cr\u00e9er ses propres presets<\/li>\n<li>Avoir \u00e0 disposition des fichiers (audio, video, titre) en communs pour tous les montages<\/li>\n<\/ul>\n<p>[\/vc_column_text][\/vc_column_inner][vc_column_inner width=\u00a0\u00bb1\/3&Prime;][\/vc_column_inner][\/vc_row_inner][\/vc_column][vc_column column_width_percent=\u00a0\u00bb100&Prime; gutter_size=\u00a0\u00bb3&Prime; style=\u00a0\u00bbdark\u00a0\u00bb back_color=\u00a0\u00bbcolor-jevc\u00a0\u00bb overlay_alpha=\u00a0\u00bb50&Prime; shadow=\u00a0\u00bbsm\u00a0\u00bb shift_x=\u00a0\u00bb0&Prime; shift_y=\u00a0\u00bb0&Prime; shift_y_down=\u00a0\u00bb0&Prime; z_index=\u00a0\u00bb0&Prime; medium_width=\u00a0\u00bb0&Prime; mobile_width=\u00a0\u00bb0&Prime; sticky=\u00a0\u00bbyes\u00a0\u00bb width=\u00a0\u00bb1\/3&Prime; uncode_shortcode_id=\u00a0\u00bb144426&Prime; back_color_type=\u00a0\u00bbuncode-palette\u00a0\u00bb][vc_custom_heading heading_semantic=\u00a0\u00bbp\u00a0\u00bb text_size=\u00a0\u00bbh3&Prime; uncode_shortcode_id=\u00a0\u00bb177120&Prime;]R\u00c9SERVER[\/vc_custom_heading][vc_custom_heading text_size=\u00a0\u00bbh5&Prime; uncode_shortcode_id=\u00a0\u00bb120344&Prime;]Formation Ma\u00eetriser Final Cut Pro X[\/vc_custom_heading][vc_separator sep_color=\u00a0\u00bb\u00a0\u00bb uncode_shortcode_id=\u00a0\u00bb123493&Prime;][vc_custom_heading heading_semantic=\u00a0\u00bbp\u00a0\u00bb text_size=\u00a0\u00bbh5&Prime; uncode_shortcode_id=\u00a0\u00bb588248&Prime;]Je n&rsquo;ai pas de financement[\/vc_custom_heading][vc_button wide=\u00a0\u00bbyes\u00a0\u00bb border_width=\u00a0\u00bb0&Prime; scale_mobile=\u00a0\u00bbno\u00a0\u00bb uncode_shortcode_id=\u00a0\u00bb167474&Prime; link=\u00a0\u00bburl:https%3A%2F%2Fcalendar.app.google%2FKvGVxmSaKXjNdq9m7&Prime;]1 jour \u00b7 850\u20ac[\/vc_button][vc_button wide=\u00a0\u00bbyes\u00a0\u00bb border_width=\u00a0\u00bb0&Prime; scale_mobile=\u00a0\u00bbno\u00a0\u00bb uncode_shortcode_id=\u00a0\u00bb727635&Prime; link=\u00a0\u00bburl:https%3A%2F%2Fcalendar.app.google%2FTFgnfyvACThp6gjG6&Prime;]2 jours \u00b7 1600\u20ac[\/vc_button][vc_separator sep_color=\u00a0\u00bb\u00a0\u00bb uncode_shortcode_id=\u00a0\u00bb123493&Prime;][vc_custom_heading heading_semantic=\u00a0\u00bbp\u00a0\u00bb text_size=\u00a0\u00bbh5&Prime; uncode_shortcode_id=\u00a0\u00bb264568&Prime;]Je demande un financement[\/vc_custom_heading][vc_button wide=\u00a0\u00bbyes\u00a0\u00bb border_width=\u00a0\u00bb0&Prime; scale_mobile=\u00a0\u00bbno\u00a0\u00bb uncode_shortcode_id=\u00a0\u00bb162761&Prime; link=\u00a0\u00bburl:https%3A%2F%2Fapp.qualiobee.fr%2Fqualiobee%2Fformation%2F3430b248-3d45-453a-a0ab-1b77118b1d7b%2Fregistration%2Fform|target:_blank\u00a0\u00bb]Financer ma formation[\/vc_button][vc_separator sep_color=\u00a0\u00bb\u00a0\u00bb uncode_shortcode_id=\u00a0\u00bb181997&Prime;][vc_row_inner][vc_column_inner column_width_percent=\u00a0\u00bb100&Prime; gutter_size=\u00a0\u00bb3&Prime; style=\u00a0\u00bblight\u00a0\u00bb back_color=\u00a0\u00bbcolor-125935&Prime; overlay_alpha=\u00a0\u00bb50&Prime; shift_x=\u00a0\u00bb0&Prime; shift_y=\u00a0\u00bb0&Prime; shift_y_down=\u00a0\u00bb0&Prime; z_index=\u00a0\u00bb0&Prime; medium_width=\u00a0\u00bb0&Prime; mobile_width=\u00a0\u00bb0&Prime; width=\u00a0\u00bb1\/1&Prime; uncode_shortcode_id=\u00a0\u00bb279468&Prime; back_color_type=\u00a0\u00bbuncode-palette\u00a0\u00bb][vc_custom_heading heading_semantic=\u00a0\u00bbp\u00a0\u00bb text_size=\u00a0\u00bbh5&Prime; uncode_shortcode_id=\u00a0\u00bb114528&Prime;]D\u00e9bloque ou travaille un point pr\u00e9cis :[\/vc_custom_heading][vc_button wide=\u00a0\u00bbyes\u00a0\u00bb border_width=\u00a0\u00bb0&Prime; scale_mobile=\u00a0\u00bbno\u00a0\u00bb uncode_shortcode_id=\u00a0\u00bb143730&Prime; link=\u00a0\u00bburl:https%3A%2F%2Fcalendar.app.google%2Fi7T31XFyDk6aswsE6&Prime;]Session Express 1h &#8211; 99\u20ac[\/vc_button][\/vc_column_inner][\/vc_row_inner][\/vc_column][\/vc_row][vc_row unlock_row_content=\u00a0\u00bbyes\u00a0\u00bb row_height_percent=\u00a0\u00bb0&Prime; override_padding=\u00a0\u00bbyes\u00a0\u00bb h_padding=\u00a0\u00bb3&Prime; top_padding=\u00a0\u00bb3&Prime; bottom_padding=\u00a0\u00bb3&Prime; overlay_alpha=\u00a0\u00bb50&Prime; equal_height=\u00a0\u00bbyes\u00a0\u00bb gutter_size=\u00a0\u00bb4&Prime; column_width_percent=\u00a0\u00bb100&Prime; shift_y=\u00a0\u00bb0&Prime; z_index=\u00a0\u00bb0&Prime; content_parallax=\u00a0\u00bb0&Prime; uncode_shortcode_id=\u00a0\u00bb545034&Prime;][vc_column column_width_percent=\u00a0\u00bb100&Prime; position_vertical=\u00a0\u00bbmiddle\u00a0\u00bb gutter_size=\u00a0\u00bb3&Prime; back_color=\u00a0\u00bbcolor-125935&Prime; overlay_alpha=\u00a0\u00bb50&Prime; shift_x=\u00a0\u00bb0&Prime; shift_y=\u00a0\u00bb0&Prime; shift_y_down=\u00a0\u00bb0&Prime; z_index=\u00a0\u00bb0&Prime; medium_width=\u00a0\u00bb0&Prime; mobile_width=\u00a0\u00bb0&Prime; width=\u00a0\u00bb1\/2&Prime; uncode_shortcode_id=\u00a0\u00bb187927&Prime; back_color_type=\u00a0\u00bbuncode-palette\u00a0\u00bb][vc_custom_heading heading_semantic=\u00a0\u00bbp\u00a0\u00bb uncode_shortcode_id=\u00a0\u00bb107437&Prime;]Objectifs[\/vc_custom_heading][vc_column_text uncode_shortcode_id=\u00a0\u00bb135095&Prime;]<\/p>\n<p data-start=\"30\" data-end=\"430\">L\u2019objectif de cette formation Ma\u00eetriser FInal Cut Pro X pour vid\u00e9astes de mariage est de vous permettre de ma\u00eetriser FCPx dans un contexte r\u00e9el de film de mariage, en structurant un workflow simple, rapide et efficace, de l\u2019import des m\u00e9dias jusqu\u2019\u00e0 la livraison finale. Elle vise \u00e0 vous faire gagner du temps sur toutes les \u00e9tapes techniques afin de vous concentrer davantage sur la cr\u00e9ativit\u00e9, le rythme et la qualit\u00e9 globale de vos films.<\/p>\n<p data-start=\"432\" data-end=\"474\">La formation permet de :<\/p>\n<ul data-start=\"475\" data-end=\"1036\" data-is-last-node=\"\" data-is-only-node=\"\">\n<li style=\"list-style-type: none;\">\n<ul data-start=\"475\" data-end=\"1036\" data-is-last-node=\"\" data-is-only-node=\"\">\n<li data-section-id=\"1dv40lq\" data-start=\"475\" data-end=\"543\"><strong>Comprendre et structurer un workflow complet sur Final Cut Pro X<\/strong><\/li>\n<li data-section-id=\"r8qb3y\" data-start=\"544\" data-end=\"604\"><strong>Cr\u00e9er des workflows ultra efficaces pour gagner du temps<\/strong><\/li>\n<li data-section-id=\"yli6de\" data-start=\"605\" data-end=\"667\"><strong>Organiser efficacement ses rushs pour acc\u00e9l\u00e9rer le montage<\/strong><\/li>\n<li data-section-id=\"pumbts\" data-start=\"668\" data-end=\"721\"><strong>D\u00e9rusher rapidement et faire des choix pertinents<\/strong><\/li>\n<li data-section-id=\"uv0xly\" data-start=\"722\" data-end=\"778\"><strong>Monter de mani\u00e8re fluide avec un bon rythme narratif<\/strong><\/li>\n<li data-section-id=\"ezteq6\" data-start=\"779\" data-end=\"829\"><strong>Am\u00e9liorer la qualit\u00e9 du son et des transitions<\/strong><\/li>\n<li data-section-id=\"1v2sf9v\" data-start=\"830\" data-end=\"889\"><strong>Optimiser l\u2019\u00e9talonnage pour un rendu propre et coh\u00e9rent<\/strong><\/li>\n<li data-section-id=\"1uwm1ya\" data-start=\"890\" data-end=\"959\"><strong>Exporter et livrer des films dans des conditions professionnelles<\/strong><\/li>\n<li data-section-id=\"1uwm1ya\" data-start=\"890\" data-end=\"959\"><strong>Gagner en autonomie et en confiance sur l\u2019ensemble du processus de montage<\/strong><\/li>\n<\/ul>\n<\/li>\n<\/ul>\n<p>[\/vc_column_text][vc_separator sep_color=\u00a0\u00bbcolor-xsdn\u00a0\u00bb full_width=\u00a0\u00bbyes\u00a0\u00bb uncode_shortcode_id=\u00a0\u00bb172766&Prime; sep_color_type=\u00a0\u00bbuncode-palette\u00a0\u00bb el_height=\u00a0\u00bb30px\u00a0\u00bb][vc_custom_heading heading_semantic=\u00a0\u00bbp\u00a0\u00bb uncode_shortcode_id=\u00a0\u00bb130417&Prime;]Pr\u00e9requis[\/vc_custom_heading][vc_column_text uncode_shortcode_id=\u00a0\u00bb209682&Prime;]Cette formation est accessible aux d\u00e9butants comme aux profils interm\u00e9diaires souhaitant structurer leur pratique sur Final Cut Pro X. Aucune ma\u00eetrise avanc\u00e9e du logiciel n\u2019est requise, mais une premi\u00e8re familiarit\u00e9 avec l\u2019environnement Mac et les bases de la vid\u00e9o est recommand\u00e9e.[\/vc_column_text][\/vc_column][vc_column column_width_percent=\u00a0\u00bb100&Prime; position_vertical=\u00a0\u00bbmiddle\u00a0\u00bb gutter_size=\u00a0\u00bb3&Prime; overlay_alpha=\u00a0\u00bb50&Prime; shift_x=\u00a0\u00bb0&Prime; shift_y=\u00a0\u00bb0&Prime; shift_y_down=\u00a0\u00bb0&Prime; z_index=\u00a0\u00bb0&Prime; medium_width=\u00a0\u00bb0&Prime; mobile_width=\u00a0\u00bb0&Prime; width=\u00a0\u00bb1\/2&Prime; uncode_shortcode_id=\u00a0\u00bb192874&Prime;][vc_single_image media=\u00a0\u00bb22158&Prime; media_width_percent=\u00a0\u00bb100&Prime; uncode_shortcode_id=\u00a0\u00bb983450&Prime;][\/vc_column][\/vc_row][vc_row unlock_row_content=\u00a0\u00bbyes\u00a0\u00bb row_height_percent=\u00a0\u00bb0&Prime; override_padding=\u00a0\u00bbyes\u00a0\u00bb h_padding=\u00a0\u00bb3&Prime; top_padding=\u00a0\u00bb1&Prime; bottom_padding=\u00a0\u00bb2&Prime; overlay_alpha=\u00a0\u00bb50&Prime; gutter_size=\u00a0\u00bb4&Prime; column_width_percent=\u00a0\u00bb100&Prime; shift_y=\u00a0\u00bb0&Prime; z_index=\u00a0\u00bb0&Prime; content_parallax=\u00a0\u00bb0&Prime; uncode_shortcode_id=\u00a0\u00bb912748&Prime;][vc_column column_width_percent=\u00a0\u00bb100&Prime; position_vertical=\u00a0\u00bbmiddle\u00a0\u00bb gutter_size=\u00a0\u00bb3&Prime; overlay_alpha=\u00a0\u00bb50&Prime; shift_x=\u00a0\u00bb0&Prime; shift_y=\u00a0\u00bb0&Prime; shift_y_down=\u00a0\u00bb0&Prime; z_index=\u00a0\u00bb0&Prime; medium_width=\u00a0\u00bb0&Prime; mobile_width=\u00a0\u00bb0&Prime; width=\u00a0\u00bb1\/2&Prime; uncode_shortcode_id=\u00a0\u00bb151981&Prime;][vc_custom_heading heading_semantic=\u00a0\u00bbh3&Prime; uncode_shortcode_id=\u00a0\u00bb131315&Prime;]Vous ne savez pas quel format ou quelle dur\u00e9e de formation choisir ?[\/vc_custom_heading][vc_column_text uncode_shortcode_id=\u00a0\u00bb196013&Prime;]Si vous avez un doute sur le format ou le contenu le plus adapt\u00e9, vous pouvez me contacter par email. Nous prendrons le temps d\u2019\u00e9changer sur votre situation, votre niveau et vos objectifs afin de vous orienter vers la formation la plus pertinente.<br \/>\nL\u2019id\u00e9e est de vous proposer une solution claire, adapt\u00e9e \u00e0 votre progression, pour avancer efficacement sans perdre de temps.[\/vc_column_text][\/vc_column][vc_column column_width_percent=\u00a0\u00bb100&Prime; position_vertical=\u00a0\u00bbmiddle\u00a0\u00bb align_horizontal=\u00a0\u00bbalign_center\u00a0\u00bb gutter_size=\u00a0\u00bb3&Prime; back_color=\u00a0\u00bbcolor-125935&Prime; overlay_alpha=\u00a0\u00bb50&Prime; shift_x=\u00a0\u00bb0&Prime; shift_y=\u00a0\u00bb0&Prime; shift_y_down=\u00a0\u00bb0&Prime; z_index=\u00a0\u00bb0&Prime; medium_width=\u00a0\u00bb0&Prime; mobile_width=\u00a0\u00bb0&Prime; width=\u00a0\u00bb1\/2&Prime; uncode_shortcode_id=\u00a0\u00bb183286&Prime; back_color_type=\u00a0\u00bbuncode-palette\u00a0\u00bb]\n<div class=\"wpcf7 no-js\" id=\"wpcf7-f17638-o1\" lang=\"fr-FR\" dir=\"ltr\" data-wpcf7-id=\"17638\">\n<div class=\"screen-reader-response\"><p role=\"status\" aria-live=\"polite\" aria-atomic=\"true\"><\/p> <ul><\/ul><\/div>\n<form action=\"\/fr\/wp-json\/wp\/v2\/pages\/18290#wpcf7-f17638-o1\" method=\"post\" class=\"wpcf7-form init\" aria-label=\"Formulaire de contact\" novalidate=\"novalidate\" data-status=\"init\">\n<fieldset class=\"hidden-fields-container\"><input type=\"hidden\" name=\"_wpcf7\" value=\"17638\" \/><input type=\"hidden\" name=\"_wpcf7_version\" value=\"6.1.5\" \/><input type=\"hidden\" name=\"_wpcf7_locale\" value=\"fr_FR\" \/><input type=\"hidden\" name=\"_wpcf7_unit_tag\" value=\"wpcf7-f17638-o1\" \/><input type=\"hidden\" name=\"_wpcf7_container_post\" value=\"0\" \/><input type=\"hidden\" name=\"_wpcf7_posted_data_hash\" value=\"\" \/>\n<\/fieldset>\n<div class=\"wpcf7-inline-wrapper\">\n\t<p class=\"wpcf7-inline-field\"><span class=\"wpcf7-form-control-wrap\" data-name=\"your-firstname\"><input size=\"40\" maxlength=\"400\" class=\"wpcf7-form-control wpcf7-text wpcf7-validates-as-required\" aria-required=\"true\" aria-invalid=\"false\" placeholder=\"Nom &amp; Pr\u00e9nom\" value=\"\" type=\"text\" name=\"your-firstname\" \/><\/span>\n\t<\/p>\n\t<p class=\"wpcf7-inline-field\"><span class=\"wpcf7-form-control-wrap\" data-name=\"your-email\"><input size=\"40\" maxlength=\"400\" class=\"wpcf7-form-control wpcf7-email wpcf7-validates-as-required wpcf7-text wpcf7-validates-as-email\" aria-required=\"true\" aria-invalid=\"false\" placeholder=\"Email\" value=\"\" type=\"email\" name=\"your-email\" \/><\/span>\n\t<\/p>\n<\/div>\n<div class=\"wpcf7-inline-wrapper\">\n\t<p class=\"wpcf7-inline-field\"><span class=\"wpcf7-form-control-wrap\" data-name=\"your-firstname\"><input size=\"40\" maxlength=\"400\" class=\"wpcf7-form-control wpcf7-text wpcf7-validates-as-required\" aria-required=\"true\" aria-invalid=\"false\" placeholder=\"Site internet, Insta\" value=\"\" type=\"text\" name=\"your-firstname\" \/><\/span>\n\t<\/p>\n<\/div>\n<p class=\"wpcf7-inline-field\"><span class=\"wpcf7-form-control-wrap\" data-name=\"select-829\"><select class=\"wpcf7-form-control wpcf7-select\" aria-invalid=\"false\" name=\"select-829\"><option value=\"Votre exp\u00e9rience\">Votre exp\u00e9rience<\/option><option value=\"Je d\u00e9bute, je veux apprendre\">Je d\u00e9bute, je veux apprendre<\/option><option value=\"J&#039;ai d\u00e9j\u00e0 film\u00e9, je veux aller plus loin\">J&#039;ai d\u00e9j\u00e0 film\u00e9, je veux aller plus loin<\/option><option value=\"J&#039;ai quelques questions pr\u00e9cises\">J&#039;ai quelques questions pr\u00e9cises<\/option><option value=\"Je veux (re)structurer mon business\">Je veux (re)structurer mon business<\/option><\/select><\/span>\n<\/p>\n<p><span class=\"wpcf7-form-control-wrap\" data-name=\"your-message\"><textarea cols=\"40\" rows=\"12\" maxlength=\"2000\" class=\"wpcf7-form-control wpcf7-textarea\" aria-invalid=\"false\" placeholder=\"N&#039;h\u00e9sitez pas \u00e0 d\u00e9crire votre besoin en formation, votre parcours, ce que vous recherchez.\" name=\"your-message\"><\/textarea><\/span>\n<\/p>\n<p><span class=\"wpcf7-form-control-wrap\" data-name=\"acceptance-622\"><span class=\"wpcf7-form-control wpcf7-acceptance\"><span class=\"wpcf7-list-item\"><label><input type=\"checkbox\" name=\"acceptance-622\" value=\"1\" aria-invalid=\"false\" \/><span class=\"wpcf7-list-item-label\">En cochant cette case, je confirme avoir lu et accept\u00e9 les conditions g\u00e9n\u00e9rales et politique de confidentialit\u00e9<\/span><\/label><\/span><\/span><\/span>\n<\/p>\n<p><input class=\"wpcf7-form-control wpcf7-submit has-spinner btn\" type=\"submit\" value=\"Envoyer\" \/>\n<\/p><div class=\"wpcf7-response-output\" aria-hidden=\"true\"><\/div>\n<\/form>\n<\/div>\n[\/vc_column][\/vc_row][vc_row row_height_percent=\u00a0\u00bb0&Prime; override_padding=\u00a0\u00bbyes\u00a0\u00bb h_padding=\u00a0\u00bb2&Prime; top_padding=\u00a0\u00bb5&Prime; bottom_padding=\u00a0\u00bb2&Prime; back_color=\u00a0\u00bbcolor-jevc\u00a0\u00bb overlay_alpha=\u00a0\u00bb50&Prime; gutter_size=\u00a0\u00bb3&Prime; column_width_percent=\u00a0\u00bb100&Prime; shift_y=\u00a0\u00bb0&Prime; z_index=\u00a0\u00bb0&Prime; content_parallax=\u00a0\u00bb0&Prime; uncode_shortcode_id=\u00a0\u00bb470052&Prime; back_color_type=\u00a0\u00bbuncode-palette\u00a0\u00bb][vc_column width=\u00a0\u00bb1\/6&Prime;][\/vc_column][vc_column column_width_percent=\u00a0\u00bb100&Prime; align_horizontal=\u00a0\u00bbalign_center\u00a0\u00bb gutter_size=\u00a0\u00bb3&Prime; style=\u00a0\u00bbdark\u00a0\u00bb overlay_alpha=\u00a0\u00bb50&Prime; shift_x=\u00a0\u00bb0&Prime; shift_y=\u00a0\u00bb0&Prime; shift_y_down=\u00a0\u00bb0&Prime; z_index=\u00a0\u00bb0&Prime; medium_width=\u00a0\u00bb0&Prime; mobile_width=\u00a0\u00bb0&Prime; width=\u00a0\u00bb2\/3&Prime; uncode_shortcode_id=\u00a0\u00bb861389&Prime;][vc_custom_heading heading_semantic=\u00a0\u00bbp\u00a0\u00bb uncode_shortcode_id=\u00a0\u00bb541541&Prime;]Ils sont venus se former[\/vc_custom_heading][\/vc_column][vc_column width=\u00a0\u00bb1\/6&Prime;][\/vc_column][\/vc_row][vc_row unlock_row_content=\u00a0\u00bbyes\u00a0\u00bb row_height_percent=\u00a0\u00bb0&Prime; override_padding=\u00a0\u00bbyes\u00a0\u00bb h_padding=\u00a0\u00bb4&Prime; top_padding=\u00a0\u00bb3&Prime; bottom_padding=\u00a0\u00bb2&Prime; back_color=\u00a0\u00bbcolor-jevc\u00a0\u00bb overlay_alpha=\u00a0\u00bb50&Prime; gutter_size=\u00a0\u00bb4&Prime; column_width_percent=\u00a0\u00bb100&Prime; shift_y=\u00a0\u00bb0&Prime; z_index=\u00a0\u00bb0&Prime; content_parallax=\u00a0\u00bb0&Prime; uncode_shortcode_id=\u00a0\u00bb127473&Prime; back_color_type=\u00a0\u00bbuncode-palette\u00a0\u00bb][vc_column column_width_percent=\u00a0\u00bb100&Prime; gutter_size=\u00a0\u00bb3&Prime; style=\u00a0\u00bbdark\u00a0\u00bb overlay_alpha=\u00a0\u00bb50&Prime; shift_x=\u00a0\u00bb0&Prime; shift_y=\u00a0\u00bb0&Prime; shift_y_down=\u00a0\u00bb0&Prime; z_index=\u00a0\u00bb0&Prime; medium_width=\u00a0\u00bb0&Prime; mobile_width=\u00a0\u00bb0&Prime; width=\u00a0\u00bb1\/4&Prime; uncode_shortcode_id=\u00a0\u00bb272579&Prime;][vc_column_text uncode_shortcode_id=\u00a0\u00bb144542&Prime;]Merci pour tes pr\u00e9cieux conseils, cette formation m\u2019a permis de mieux comprendre comment fonctionnait Final Cut. J\u2019ai h\u00e2te de mettre tout cela en pratique, surtout le sound design !<\/p>\n<p><strong>&#8211; Emeline B.<\/strong>[\/vc_column_text][\/vc_column][vc_column column_width_percent=\u00a0\u00bb100&Prime; gutter_size=\u00a0\u00bb3&Prime; style=\u00a0\u00bbdark\u00a0\u00bb overlay_alpha=\u00a0\u00bb50&Prime; shift_x=\u00a0\u00bb0&Prime; shift_y=\u00a0\u00bb0&Prime; shift_y_down=\u00a0\u00bb0&Prime; z_index=\u00a0\u00bb0&Prime; medium_width=\u00a0\u00bb0&Prime; mobile_width=\u00a0\u00bb0&Prime; width=\u00a0\u00bb1\/4&Prime; uncode_shortcode_id=\u00a0\u00bb106825&Prime;][vc_column_text uncode_shortcode_id=\u00a0\u00bb117151&Prime;]Dingue ! J\u2019ai compl\u00e8tement revu mon process, et effectivement je passais trop de temps pour d\u00e9rocher mes plans (une demi journ\u00e9e). Quand j\u2019ai vu que tu passait 45 minutes, j\u2019ai hallucin\u00e9. Top ce nouveau workflow !<\/p>\n<p><strong>&#8211; Mathieu B.<\/strong>[\/vc_column_text][\/vc_column][vc_column column_width_percent=\u00a0\u00bb100&Prime; gutter_size=\u00a0\u00bb3&Prime; style=\u00a0\u00bbdark\u00a0\u00bb overlay_alpha=\u00a0\u00bb50&Prime; shift_x=\u00a0\u00bb0&Prime; shift_y=\u00a0\u00bb0&Prime; shift_y_down=\u00a0\u00bb0&Prime; z_index=\u00a0\u00bb0&Prime; medium_width=\u00a0\u00bb0&Prime; mobile_width=\u00a0\u00bb0&Prime; width=\u00a0\u00bb1\/4&Prime; uncode_shortcode_id=\u00a0\u00bb130606&Prime;][vc_column_text uncode_shortcode_id=\u00a0\u00bb852221&Prime;]Je connaissais d\u00e9j\u00e0 Final Cut mais l\u00e0 j\u2019avoue que je re-d\u00e9couvre ce logiciel sous un nouveau jour. Merci pour ta bienveillance et tous les conseils adapt\u00e9s \u00e0 ma mani\u00e8re de fonctionner que tu m\u2019as transmis.<\/p>\n<p><strong>&#8211; Kevin M.<\/strong>[\/vc_column_text][\/vc_column][vc_column column_width_percent=\u00a0\u00bb100&Prime; gutter_size=\u00a0\u00bb3&Prime; style=\u00a0\u00bbdark\u00a0\u00bb overlay_alpha=\u00a0\u00bb50&Prime; shift_x=\u00a0\u00bb0&Prime; shift_y=\u00a0\u00bb0&Prime; shift_y_down=\u00a0\u00bb0&Prime; z_index=\u00a0\u00bb0&Prime; medium_width=\u00a0\u00bb0&Prime; mobile_width=\u00a0\u00bb0&Prime; width=\u00a0\u00bb1\/4&Prime; uncode_shortcode_id=\u00a0\u00bb195304&Prime;][vc_column_text uncode_shortcode_id=\u00a0\u00bb176278&Prime;]Hyper p\u00e9dagogue, le fait d\u2019avoir boss\u00e9 pour Apple doit y \u00eatre pour quelque chose ! J\u2019ai \u00e9norm\u00e9ment appris de ta mani\u00e8re de fonctionner, j\u2019ai trouv\u00e9 des r\u00e9ponses l\u00e0 ou je buttais, internet \u00e7a fait pas tout ! Cette formation ou j\u2019ai pu m\u2019entrainer sur un vrai montage avec mon propre laptop \u00e9tait tr\u00e8s enrichissante. Top !<\/p>\n<p><strong>&#8211; Pierre B.<\/strong>[\/vc_column_text][\/vc_column][\/vc_row][vc_row row_height_percent=\u00a0\u00bb0&Prime; override_padding=\u00a0\u00bbyes\u00a0\u00bb h_padding=\u00a0\u00bb2&Prime; top_padding=\u00a0\u00bb5&Prime; bottom_padding=\u00a0\u00bb3&Prime; overlay_alpha=\u00a0\u00bb50&Prime; gutter_size=\u00a0\u00bb3&Prime; column_width_percent=\u00a0\u00bb100&Prime; shift_y=\u00a0\u00bb0&Prime; z_index=\u00a0\u00bb0&Prime; content_parallax=\u00a0\u00bb0&Prime; uncode_shortcode_id=\u00a0\u00bb903142&Prime;][vc_column column_width_percent=\u00a0\u00bb100&Prime; position_vertical=\u00a0\u00bbmiddle\u00a0\u00bb align_horizontal=\u00a0\u00bbalign_center\u00a0\u00bb gutter_size=\u00a0\u00bb3&Prime; overlay_alpha=\u00a0\u00bb50&Prime; shift_x=\u00a0\u00bb0&Prime; shift_y=\u00a0\u00bb0&Prime; shift_y_down=\u00a0\u00bb0&Prime; z_index=\u00a0\u00bb0&Prime; medium_width=\u00a0\u00bb0&Prime; mobile_width=\u00a0\u00bb0&Prime; width=\u00a0\u00bb1\/1&Prime; uncode_shortcode_id=\u00a0\u00bb239331&Prime;][vc_custom_heading heading_semantic=\u00a0\u00bbp\u00a0\u00bb text_size=\u00a0\u00bbh1&Prime; uncode_shortcode_id=\u00a0\u00bb108772&Prime;]Explorer les formations[\/vc_custom_heading][\/vc_column][\/vc_row][vc_row unlock_row_content=\u00a0\u00bbyes\u00a0\u00bb row_height_percent=\u00a0\u00bb0&Prime; override_padding=\u00a0\u00bbyes\u00a0\u00bb h_padding=\u00a0\u00bb2&Prime; top_padding=\u00a0\u00bb2&Prime; bottom_padding=\u00a0\u00bb5&Prime; overlay_alpha=\u00a0\u00bb50&Prime; gutter_size=\u00a0\u00bb2&Prime; column_width_percent=\u00a0\u00bb100&Prime; shift_y=\u00a0\u00bb0&Prime; z_index=\u00a0\u00bb0&Prime; content_parallax=\u00a0\u00bb0&Prime; uncode_shortcode_id=\u00a0\u00bb131994&Prime;][vc_column column_width_percent=\u00a0\u00bb100&Prime; gutter_size=\u00a0\u00bb3&Prime; overlay_alpha=\u00a0\u00bb50&Prime; shadow=\u00a0\u00bbsm\u00a0\u00bb border_color=\u00a0\u00bbcolor-lxmt\u00a0\u00bb shift_x=\u00a0\u00bb0&Prime; shift_y=\u00a0\u00bb0&Prime; shift_y_down=\u00a0\u00bb0&Prime; z_index=\u00a0\u00bb0&Prime; medium_width=\u00a0\u00bb0&Prime; mobile_width=\u00a0\u00bb0&Prime; width=\u00a0\u00bb1\/6&Prime; uncode_shortcode_id=\u00a0\u00bb107428&Prime; link_to=\u00a0\u00bburl:https%3A%2F%2Fwww.gordonweddingfilms.com%2Ffr%2Fonline-mentoring%2F\u00a0\u00bb css=\u00a0\u00bb.vc_custom_1775148572721{border-top-width: 1px !important;border-right-width: 1px !important;border-bottom-width: 1px !important;border-left-width: 1px !important;}\u00a0\u00bb border_color_type=\u00a0\u00bbuncode-palette\u00a0\u00bb][vc_single_image media=\u00a0\u00bb22135&Prime; media_width_percent=\u00a0\u00bb100&Prime; uncode_shortcode_id=\u00a0\u00bb195195&Prime;][vc_row_inner row_inner_height_percent=\u00a0\u00bb0&Prime; overlay_alpha=\u00a0\u00bb50&Prime; gutter_size=\u00a0\u00bb3&Prime; shift_y=\u00a0\u00bb0&Prime; z_index=\u00a0\u00bb0&Prime; uncode_shortcode_id=\u00a0\u00bb890451&Prime;][vc_column_inner column_width_percent=\u00a0\u00bb100&Prime; gutter_size=\u00a0\u00bb3&Prime; override_padding=\u00a0\u00bbyes\u00a0\u00bb column_padding=\u00a0\u00bb2&Prime; overlay_alpha=\u00a0\u00bb50&Prime; shift_x=\u00a0\u00bb0&Prime; shift_y=\u00a0\u00bb0&Prime; shift_y_down=\u00a0\u00bb0&Prime; z_index=\u00a0\u00bb0&Prime; medium_width=\u00a0\u00bb0&Prime; mobile_width=\u00a0\u00bb0&Prime; width=\u00a0\u00bb1\/1&Prime; uncode_shortcode_id=\u00a0\u00bb205863&Prime;][vc_custom_heading heading_semantic=\u00a0\u00bbh3&Prime; text_size=\u00a0\u00bbh4&Prime; uncode_shortcode_id=\u00a0\u00bb623203&Prime;]Online Mentoring[\/vc_custom_heading][vc_column_text uncode_shortcode_id=\u00a0\u00bb142771&Prime;]<\/p>\n<ul>\n<li>Tout public<\/li>\n<li>Distance<\/li>\n<li>1 ou 2 heures<br \/>\n<span style=\"color: #ffffff;\">&#8211;<\/span><\/li>\n<\/ul>\n<p>[\/vc_column_text][vc_button button_color=\u00a0\u00bbaccent\u00a0\u00bb size=\u00a0\u00bbbtn-sm\u00a0\u00bb wide=\u00a0\u00bbyes\u00a0\u00bb border_width=\u00a0\u00bb0&Prime; scale_mobile=\u00a0\u00bbno\u00a0\u00bb uncode_shortcode_id=\u00a0\u00bb486857&Prime; button_color_type=\u00a0\u00bbuncode-palette\u00a0\u00bb width=\u00a0\u00bb80%\u00a0\u00bb]D\u00e9couvrir la formation[\/vc_button][\/vc_column_inner][\/vc_row_inner][\/vc_column][vc_column column_width_percent=\u00a0\u00bb100&Prime; gutter_size=\u00a0\u00bb3&Prime; overlay_alpha=\u00a0\u00bb50&Prime; shadow=\u00a0\u00bbsm\u00a0\u00bb border_color=\u00a0\u00bbcolor-lxmt\u00a0\u00bb shift_x=\u00a0\u00bb0&Prime; shift_y=\u00a0\u00bb0&Prime; shift_y_down=\u00a0\u00bb0&Prime; z_index=\u00a0\u00bb0&Prime; medium_width=\u00a0\u00bb0&Prime; mobile_width=\u00a0\u00bb0&Prime; width=\u00a0\u00bb1\/6&Prime; uncode_shortcode_id=\u00a0\u00bb176711&Prime; border_color_type=\u00a0\u00bbuncode-palette\u00a0\u00bb link_to=\u00a0\u00bburl:https%3A%2F%2Fwww.gordonweddingfilms.com%2Ffr%2Fformation-videaste-mariage%2F\u00a0\u00bb][vc_single_image media=\u00a0\u00bb22137&Prime; media_width_percent=\u00a0\u00bb100&Prime; uncode_shortcode_id=\u00a0\u00bb150239&Prime;][vc_row_inner][vc_column_inner column_width_percent=\u00a0\u00bb100&Prime; gutter_size=\u00a0\u00bb3&Prime; override_padding=\u00a0\u00bbyes\u00a0\u00bb column_padding=\u00a0\u00bb2&Prime; overlay_alpha=\u00a0\u00bb50&Prime; shift_x=\u00a0\u00bb0&Prime; shift_y=\u00a0\u00bb0&Prime; shift_y_down=\u00a0\u00bb0&Prime; z_index=\u00a0\u00bb0&Prime; medium_width=\u00a0\u00bb0&Prime; mobile_width=\u00a0\u00bb0&Prime; width=\u00a0\u00bb1\/1&Prime; uncode_shortcode_id=\u00a0\u00bb283658&Prime;][vc_custom_heading heading_semantic=\u00a0\u00bbh3&Prime; text_size=\u00a0\u00bbh4&Prime; uncode_shortcode_id=\u00a0\u00bb114864&Prime;]Devenir vid\u00e9aste[\/vc_custom_heading][vc_column_text uncode_shortcode_id=\u00a0\u00bb169806&Prime;]<\/p>\n<ul>\n<li>D\u00e9butants<\/li>\n<li>Distance ou pr\u00e9sentiel<\/li>\n<li>1 ou 2 jours<\/li>\n<li>Finan\u00e7able<\/li>\n<\/ul>\n<p>[\/vc_column_text][vc_button button_color=\u00a0\u00bbaccent\u00a0\u00bb size=\u00a0\u00bbbtn-sm\u00a0\u00bb wide=\u00a0\u00bbyes\u00a0\u00bb border_width=\u00a0\u00bb0&Prime; scale_mobile=\u00a0\u00bbno\u00a0\u00bb uncode_shortcode_id=\u00a0\u00bb826172&Prime; button_color_type=\u00a0\u00bbuncode-palette\u00a0\u00bb width=\u00a0\u00bb80%\u00a0\u00bb]D\u00e9couvrir la formation[\/vc_button][\/vc_column_inner][\/vc_row_inner][\/vc_column][vc_column column_width_percent=\u00a0\u00bb100&Prime; gutter_size=\u00a0\u00bb3&Prime; overlay_alpha=\u00a0\u00bb50&Prime; shadow=\u00a0\u00bbsm\u00a0\u00bb border_color=\u00a0\u00bbcolor-lxmt\u00a0\u00bb shift_x=\u00a0\u00bb0&Prime; shift_y=\u00a0\u00bb0&Prime; shift_y_down=\u00a0\u00bb0&Prime; z_index=\u00a0\u00bb0&Prime; medium_width=\u00a0\u00bb0&Prime; mobile_width=\u00a0\u00bb0&Prime; width=\u00a0\u00bb1\/6&Prime; uncode_shortcode_id=\u00a0\u00bb761454&Prime; link_to=\u00a0\u00bburl:https%3A%2F%2Fwww.gordonweddingfilms.com%2Ffr%2Fformation-videaste-mariage-avance%2F\u00a0\u00bb border_color_type=\u00a0\u00bbuncode-palette\u00a0\u00bb][vc_single_image media=\u00a0\u00bb22140&Prime; media_width_percent=\u00a0\u00bb100&Prime; uncode_shortcode_id=\u00a0\u00bb361480&Prime;][vc_row_inner][vc_column_inner column_width_percent=\u00a0\u00bb100&Prime; gutter_size=\u00a0\u00bb3&Prime; override_padding=\u00a0\u00bbyes\u00a0\u00bb column_padding=\u00a0\u00bb2&Prime; overlay_alpha=\u00a0\u00bb50&Prime; shift_x=\u00a0\u00bb0&Prime; shift_y=\u00a0\u00bb0&Prime; shift_y_down=\u00a0\u00bb0&Prime; z_index=\u00a0\u00bb0&Prime; medium_width=\u00a0\u00bb0&Prime; mobile_width=\u00a0\u00bb0&Prime; width=\u00a0\u00bb1\/1&Prime; uncode_shortcode_id=\u00a0\u00bb106393&Prime;][vc_custom_heading heading_semantic=\u00a0\u00bbh3&Prime; text_size=\u00a0\u00bbh4&Prime; uncode_shortcode_id=\u00a0\u00bb148285&Prime;]\u00c9levez vos productions[\/vc_custom_heading][vc_column_text uncode_shortcode_id=\u00a0\u00bb285621&Prime;]<\/p>\n<ul>\n<li>Interm\u00e9diaire, confirm\u00e9<\/li>\n<li>Distance ou pr\u00e9sentiel<\/li>\n<li>1 ou 2 jours<\/li>\n<li>Finan\u00e7able<\/li>\n<\/ul>\n<p>[\/vc_column_text][vc_button button_color=\u00a0\u00bbaccent\u00a0\u00bb size=\u00a0\u00bbbtn-sm\u00a0\u00bb wide=\u00a0\u00bbyes\u00a0\u00bb border_width=\u00a0\u00bb0&Prime; scale_mobile=\u00a0\u00bbno\u00a0\u00bb uncode_shortcode_id=\u00a0\u00bb173068&Prime; button_color_type=\u00a0\u00bbuncode-palette\u00a0\u00bb width=\u00a0\u00bb80%\u00a0\u00bb]D\u00e9couvrir la formation[\/vc_button][\/vc_column_inner][\/vc_row_inner][\/vc_column][vc_column column_width_percent=\u00a0\u00bb100&Prime; gutter_size=\u00a0\u00bb3&Prime; overlay_alpha=\u00a0\u00bb50&Prime; shadow=\u00a0\u00bbsm\u00a0\u00bb shift_x=\u00a0\u00bb0&Prime; shift_y=\u00a0\u00bb0&Prime; shift_y_down=\u00a0\u00bb0&Prime; z_index=\u00a0\u00bb0&Prime; medium_width=\u00a0\u00bb0&Prime; mobile_width=\u00a0\u00bb0&Prime; width=\u00a0\u00bb1\/6&Prime; uncode_shortcode_id=\u00a0\u00bb430093&Prime; link_to=\u00a0\u00bburl:https%3A%2F%2Fwww.gordonweddingfilms.com%2Ffr%2Fformation-final-cut-fcpx-mariage%2F\u00a0\u00bb][vc_single_image media=\u00a0\u00bb22149&Prime; media_width_percent=\u00a0\u00bb100&Prime; uncode_shortcode_id=\u00a0\u00bb131932&Prime;][vc_row_inner][vc_column_inner column_width_percent=\u00a0\u00bb100&Prime; gutter_size=\u00a0\u00bb3&Prime; override_padding=\u00a0\u00bbyes\u00a0\u00bb column_padding=\u00a0\u00bb2&Prime; overlay_alpha=\u00a0\u00bb50&Prime; shift_x=\u00a0\u00bb0&Prime; shift_y=\u00a0\u00bb0&Prime; shift_y_down=\u00a0\u00bb0&Prime; z_index=\u00a0\u00bb0&Prime; medium_width=\u00a0\u00bb0&Prime; mobile_width=\u00a0\u00bb0&Prime; width=\u00a0\u00bb1\/1&Prime; uncode_shortcode_id=\u00a0\u00bb115272&Prime; link_to=\u00a0\u00bburl:https%3A%2F%2Fwww.gordonweddingfilms.com%2Ffr%2Fformation-final-cut-fcpx-mariage%2F\u00a0\u00bb][vc_custom_heading heading_semantic=\u00a0\u00bbh3&Prime; text_size=\u00a0\u00bbh4&Prime; uncode_shortcode_id=\u00a0\u00bb104554&Prime;]Ma\u00eetriser Final Cut pro X[\/vc_custom_heading][vc_column_text uncode_shortcode_id=\u00a0\u00bb715973&Prime;]<\/p>\n<ul>\n<li>Tout public<\/li>\n<li>Distance ou pr\u00e9sentiel<\/li>\n<li>1 ou 2 jours<\/li>\n<li>Finan\u00e7able<\/li>\n<\/ul>\n<p>[\/vc_column_text][vc_button button_color=\u00a0\u00bbaccent\u00a0\u00bb size=\u00a0\u00bbbtn-sm\u00a0\u00bb wide=\u00a0\u00bbyes\u00a0\u00bb border_width=\u00a0\u00bb0&Prime; scale_mobile=\u00a0\u00bbno\u00a0\u00bb uncode_shortcode_id=\u00a0\u00bb137035&Prime; button_color_type=\u00a0\u00bbuncode-palette\u00a0\u00bb width=\u00a0\u00bb80%\u00a0\u00bb]D\u00e9couvrir la formation[\/vc_button][\/vc_column_inner][\/vc_row_inner][\/vc_column][vc_column column_width_percent=\u00a0\u00bb100&Prime; gutter_size=\u00a0\u00bb3&Prime; overlay_alpha=\u00a0\u00bb50&Prime; shadow=\u00a0\u00bbsm\u00a0\u00bb shift_x=\u00a0\u00bb0&Prime; shift_y=\u00a0\u00bb0&Prime; shift_y_down=\u00a0\u00bb0&Prime; z_index=\u00a0\u00bb0&Prime; medium_width=\u00a0\u00bb0&Prime; mobile_width=\u00a0\u00bb0&Prime; width=\u00a0\u00bb1\/6&Prime; uncode_shortcode_id=\u00a0\u00bb144398&Prime; link_to=\u00a0\u00bburl:https%3A%2F%2Fwww.gordonweddingfilms.com%2Ffr%2Fformation-storytelling-videaste-mariage%2F\u00a0\u00bb][vc_single_image media=\u00a0\u00bb22148&Prime; media_width_percent=\u00a0\u00bb100&Prime; uncode_shortcode_id=\u00a0\u00bb210623&Prime;][vc_row_inner][vc_column_inner column_width_percent=\u00a0\u00bb100&Prime; gutter_size=\u00a0\u00bb3&Prime; override_padding=\u00a0\u00bbyes\u00a0\u00bb column_padding=\u00a0\u00bb2&Prime; overlay_alpha=\u00a0\u00bb50&Prime; shift_x=\u00a0\u00bb0&Prime; shift_y=\u00a0\u00bb0&Prime; shift_y_down=\u00a0\u00bb0&Prime; z_index=\u00a0\u00bb0&Prime; medium_width=\u00a0\u00bb0&Prime; mobile_width=\u00a0\u00bb0&Prime; width=\u00a0\u00bb1\/1&Prime; uncode_shortcode_id=\u00a0\u00bb780440&Prime;][vc_custom_heading heading_semantic=\u00a0\u00bbh3&Prime; text_size=\u00a0\u00bbh4&Prime; uncode_shortcode_id=\u00a0\u00bb120971&Prime;]L&rsquo;Art du Storytelling[\/vc_custom_heading][vc_column_text uncode_shortcode_id=\u00a0\u00bb116265&Prime;]<\/p>\n<ul>\n<li>Tout public<\/li>\n<li>Workshop pr\u00e9sentiel<\/li>\n<li>3 jours<\/li>\n<li>Finan\u00e7able<\/li>\n<\/ul>\n<p>[\/vc_column_text][vc_button button_color=\u00a0\u00bbaccent\u00a0\u00bb size=\u00a0\u00bbbtn-sm\u00a0\u00bb wide=\u00a0\u00bbyes\u00a0\u00bb border_width=\u00a0\u00bb0&Prime; scale_mobile=\u00a0\u00bbno\u00a0\u00bb uncode_shortcode_id=\u00a0\u00bb150045&Prime; button_color_type=\u00a0\u00bbuncode-palette\u00a0\u00bb width=\u00a0\u00bb80%\u00a0\u00bb]D\u00e9couvrir la formation[\/vc_button][\/vc_column_inner][\/vc_row_inner][\/vc_column][vc_column column_width_percent=\u00a0\u00bb100&Prime; gutter_size=\u00a0\u00bb3&Prime; overlay_alpha=\u00a0\u00bb50&Prime; shadow=\u00a0\u00bbsm\u00a0\u00bb shift_x=\u00a0\u00bb0&Prime; shift_y=\u00a0\u00bb0&Prime; shift_y_down=\u00a0\u00bb0&Prime; z_index=\u00a0\u00bb0&Prime; medium_width=\u00a0\u00bb0&Prime; mobile_width=\u00a0\u00bb0&Prime; width=\u00a0\u00bb1\/6&Prime; uncode_shortcode_id=\u00a0\u00bb117917&Prime; link_to=\u00a0\u00bburl:https%3A%2F%2Fwww.gordonweddingfilms.com%2Ffr%2Faccompagnement-sur-un-vrai-mariage%2F\u00a0\u00bb][vc_single_image media=\u00a0\u00bb22153&Prime; media_width_percent=\u00a0\u00bb100&Prime; uncode_shortcode_id=\u00a0\u00bb202347&Prime;][vc_row_inner][vc_column_inner column_width_percent=\u00a0\u00bb100&Prime; gutter_size=\u00a0\u00bb3&Prime; override_padding=\u00a0\u00bbyes\u00a0\u00bb column_padding=\u00a0\u00bb2&Prime; overlay_alpha=\u00a0\u00bb50&Prime; shift_x=\u00a0\u00bb0&Prime; shift_y=\u00a0\u00bb0&Prime; shift_y_down=\u00a0\u00bb0&Prime; z_index=\u00a0\u00bb0&Prime; medium_width=\u00a0\u00bb0&Prime; mobile_width=\u00a0\u00bb0&Prime; width=\u00a0\u00bb1\/1&Prime; uncode_shortcode_id=\u00a0\u00bb156818&Prime;][vc_custom_heading heading_semantic=\u00a0\u00bbh3&Prime; text_size=\u00a0\u00bbh4&Prime; uncode_shortcode_id=\u00a0\u00bb101032&Prime;]2nd shooter<br \/>\nvrai mariage[\/vc_custom_heading][vc_column_text uncode_shortcode_id=\u00a0\u00bb350459&Prime;]<\/p>\n<ul>\n<li>Tout public<\/li>\n<li>Pr\u00e9sentiel<\/li>\n<li>1 jour<\/li>\n<li>Finan\u00e7able<\/li>\n<\/ul>\n<p>[\/vc_column_text][vc_button button_color=\u00a0\u00bbaccent\u00a0\u00bb size=\u00a0\u00bbbtn-sm\u00a0\u00bb wide=\u00a0\u00bbyes\u00a0\u00bb border_width=\u00a0\u00bb0&Prime; scale_mobile=\u00a0\u00bbno\u00a0\u00bb uncode_shortcode_id=\u00a0\u00bb159178&Prime; button_color_type=\u00a0\u00bbuncode-palette\u00a0\u00bb width=\u00a0\u00bb80%\u00a0\u00bb]D\u00e9couvrir la formation[\/vc_button][\/vc_column_inner][\/vc_row_inner][\/vc_column][\/vc_row]<\/p>\n<\/div>","protected":false},"excerpt":{"rendered":"<p>[vc_row unlock_row_content=\u00a0\u00bbyes\u00a0\u00bb row_height_percent=\u00a0\u00bb0&Prime; back_image=\u00a0\u00bb22157&Prime; overlay_alpha=\u00a0\u00bb50&Prime; gutter_size=\u00a0\u00bb3&Prime; column_width_percent=\u00a0\u00bb100&Prime; shift_y=\u00a0\u00bb0&Prime; z_index=\u00a0\u00bb0&Prime; content_parallax=\u00a0\u00bb0&Prime; uncode_shortcode_id=\u00a0\u00bb727934&Prime;][vc_column column_width_percent=\u00a0\u00bb100&Prime; position_vertical=\u00a0\u00bbmiddle\u00a0\u00bb align_horizontal=\u00a0\u00bbalign_center\u00a0\u00bb gutter_size=\u00a0\u00bb3&Prime; style=\u00a0\u00bbdark\u00a0\u00bb overlay_alpha=\u00a0\u00bb50&Prime; shift_x=\u00a0\u00bb0&Prime; shift_y=\u00a0\u00bb0&Prime; shift_y_down=\u00a0\u00bb0&Prime; [&hellip;]<\/p>\n","protected":false},"author":1,"featured_media":0,"parent":0,"menu_order":0,"comment_status":"closed","ping_status":"closed","template":"","meta":{"_acf_changed":false,"footnotes":""},"class_list":["post-18290","page","type-page","status-publish","hentry"],"acf":[],"_links":{"self":[{"href":"https:\/\/www.gordonweddingfilms.com\/fr\/wp-json\/wp\/v2\/pages\/18290","targetHints":{"allow":["GET"]}}],"collection":[{"href":"https:\/\/www.gordonweddingfilms.com\/fr\/wp-json\/wp\/v2\/pages"}],"about":[{"href":"https:\/\/www.gordonweddingfilms.com\/fr\/wp-json\/wp\/v2\/types\/page"}],"author":[{"embeddable":true,"href":"https:\/\/www.gordonweddingfilms.com\/fr\/wp-json\/wp\/v2\/users\/1"}],"replies":[{"embeddable":true,"href":"https:\/\/www.gordonweddingfilms.com\/fr\/wp-json\/wp\/v2\/comments?post=18290"}],"version-history":[{"count":0,"href":"https:\/\/www.gordonweddingfilms.com\/fr\/wp-json\/wp\/v2\/pages\/18290\/revisions"}],"wp:attachment":[{"href":"https:\/\/www.gordonweddingfilms.com\/fr\/wp-json\/wp\/v2\/media?parent=18290"}],"curies":[{"name":"wp","href":"https:\/\/api.w.org\/{rel}","templated":true}]}}